{"id":2401,"date":"2023-07-26T15:53:19","date_gmt":"2023-07-26T15:53:19","guid":{"rendered":"https:\/\/decomerca.com\/?post_type=portfolio&#038;p=2401"},"modified":"2023-07-26T15:53:21","modified_gmt":"2023-07-26T15:53:21","slug":"els-fogons-del-mercat","status":"publish","type":"portfolio","link":"https:\/\/decomerca.com\/ca\/proyectos\/els-fogons-del-mercat\/","title":{"rendered":"Els Fogons del Mercat"},"content":{"rendered":"\n<style type=\"text\/css\" id=\"style-css-av-2z27f-fdfaf918b53f97e941096e27698e51cf\">\n.avia-section.av-2z27f-fdfaf918b53f97e941096e27698e51cf{\nbackground-color:#0c212c;\nbackground-repeat:no-repeat;\nbackground-image:url(https:\/\/decomerca.com\/wp-content\/uploads\/2020\/07\/CanVila-1.jpg);\nbackground-position:top center;\nbackground-attachment:scroll;\n}\n<\/style>\n<div id='dp_portfoliotop'  class='avia-section av-2z27f-fdfaf918b53f97e941096e27698e51cf main_color avia-section-default avia-no-border-styling  avia-builder-el-0  el_before_av_section  avia-builder-el-first  avia-bg-style-scroll  av-minimum-height av-minimum-height-custom  container_wrap sidebar_right'  data-section-bg-repeat='no-repeat'><div class='container av-section-cont-open' style='height:200px'><main  role=\"main\" =\"mainContentOfPage\"  class='template-page content  av-content-small alpha units'><div class='post-entry post-entry-type-page post-entry-2401'><div class='entry-content-wrapper clearfix'>\n\n<style type=\"text\/css\" id=\"style-css-av-kdpo8w1a-d0a21181a892bdf55b1ad243f64fea4e\">\n#top .av-special-heading.av-kdpo8w1a-d0a21181a892bdf55b1ad243f64fea4e{\npadding-bottom:10px;\n}\n.av-special-heading.av-kdpo8w1a-d0a21181a892bdf55b1ad243f64fea4e .av-subheading{\nfont-size:15px;\n}\n<\/style>\n<div  class='av-special-heading av-kdpo8w1a-d0a21181a892bdf55b1ad243f64fea4e av-special-heading-h1 custom-color-heading blockquote modern-quote  avia-builder-el-1  avia-builder-el-no-sibling  '><div class='av-subheading av-subheading_above '><p>La nova parada de<\/p>\n<\/div><h1 class='av-special-heading-tag '  =\"headline\"  >Els Fogons del Mercat<\/h1><div class='special-heading-border'><div class='special-heading-inner-border'><\/div><\/div><\/div>\n\n<\/div><\/div><\/main><!-- close content main element --><\/div><\/div><div id='av_section_2'  class='avia-section av-kdpobj0c-97af49f31df057e006139e8326879146 alternate_color avia-section-default avia-no-border-styling  avia-builder-el-2  el_after_av_section  el_before_av_section  avia-bg-style-scroll  container_wrap sidebar_right'  ><div class='container av-section-cont-open' ><div class='template-page content  av-content-small alpha units'><div class='post-entry post-entry-type-page post-entry-2401'><div class='entry-content-wrapper clearfix'>\n\n<style type=\"text\/css\" id=\"style-css-av-uu83-41933597a9497812b44abd78dfad508c\">\n#top .flex_column.av-uu83-41933597a9497812b44abd78dfad508c{\nborder-radius:0px;\n-webkit-border-radius:0px;\n-moz-border-radius:0px;\npadding:0px;\n}\n<\/style>\n<div class='flex_column av-uu83-41933597a9497812b44abd78dfad508c av_two_third  avia-builder-el-3  el_before_av_one_third  avia-builder-el-first  first flex_column_div av-zero-column-padding '   ><style type=\"text\/css\" id=\"style-css-av-kcuobqxh-bc92278bda6c8b8b1f11f376724deb34\">\n#top .avia-gallery.av-kcuobqxh-bc92278bda6c8b8b1f11f376724deb34 .avia-gallery-thumb a{\nwidth:100%;\n}\n<\/style>\n<div  class='avia-gallery av-kcuobqxh-bc92278bda6c8b8b1f11f376724deb34 avia_animate_when_visible  avia-builder-el-4  avia-builder-el-no-sibling  deactivate_avia_lazyload avia-gallery-animate  avia-gallery-1'  =\"image\" =\"\" =\"https:\/\/schema.org\/ImageObject\" ><div class='avia-gallery-thumb'> <a href=\"https:\/\/decomerca.com\/wp-content\/uploads\/2023\/07\/55A6121-1030x703.jpg\" data-srcset=\"https:\/\/decomerca.com\/wp-content\/uploads\/2023\/07\/55A6121-1030x703.jpg 1030w, https:\/\/decomerca.com\/wp-content\/uploads\/2023\/07\/55A6121-300x205.jpg 300w, https:\/\/decomerca.com\/wp-content\/uploads\/2023\/07\/55A6121-768x524.jpg 768w, https:\/\/decomerca.com\/wp-content\/uploads\/2023\/07\/55A6121-1536x1049.jpg 1536w, https:\/\/decomerca.com\/wp-content\/uploads\/2023\/07\/55A6121-1500x1024.jpg 1500w, https:\/\/decomerca.com\/wp-content\/uploads\/2023\/07\/55A6121-705x481.jpg 705w, https:\/\/decomerca.com\/wp-content\/uploads\/2023\/07\/55A6121.jpg 2048w\" data-sizes=\"(max-width: 1030px) 100vw, 1030px\" data-rel='gallery-1' data-prev-img='https:\/\/decomerca.com\/wp-content\/uploads\/2023\/07\/55A6121-495x400.jpg' class='first_thumb lightbox ' data-onclick='1' title='_55A6121'  =\"thumbnailUrl\"  ><img class=\"wp-image-2393 avia-img-lazy-loading-not-2393\"   src=\"https:\/\/decomerca.com\/wp-content\/uploads\/2023\/07\/55A6121-1030x703.jpg\" width=\"1030\" height=\"703\"  title='_55A6121' alt='' srcset=\"https:\/\/decomerca.com\/wp-content\/uploads\/2023\/07\/55A6121-1030x703.jpg 1030w, https:\/\/decomerca.com\/wp-content\/uploads\/2023\/07\/55A6121-300x205.jpg 300w, https:\/\/decomerca.com\/wp-content\/uploads\/2023\/07\/55A6121-768x524.jpg 768w, https:\/\/decomerca.com\/wp-content\/uploads\/2023\/07\/55A6121-1536x1049.jpg 1536w, https:\/\/decomerca.com\/wp-content\/uploads\/2023\/07\/55A6121-1500x1024.jpg 1500w, https:\/\/decomerca.com\/wp-content\/uploads\/2023\/07\/55A6121-705x481.jpg 705w, https:\/\/decomerca.com\/wp-content\/uploads\/2023\/07\/55A6121.jpg 2048w\" sizes=\"(max-width: 1030px) 100vw, 1030px\" \/><\/a> <a href=\"https:\/\/decomerca.com\/wp-content\/uploads\/2023\/07\/55A6148-1030x686.jpg\" data-srcset=\"https:\/\/decomerca.com\/wp-content\/uploads\/2023\/07\/55A6148-1030x686.jpg 1030w, https:\/\/decomerca.com\/wp-content\/uploads\/2023\/07\/55A6148-300x200.jpg 300w, https:\/\/decomerca.com\/wp-content\/uploads\/2023\/07\/55A6148-768x512.jpg 768w, https:\/\/decomerca.com\/wp-content\/uploads\/2023\/07\/55A6148-1536x1024.jpg 1536w, https:\/\/decomerca.com\/wp-content\/uploads\/2023\/07\/55A6148-1500x1000.jpg 1500w, https:\/\/decomerca.com\/wp-content\/uploads\/2023\/07\/55A6148-705x470.jpg 705w, https:\/\/decomerca.com\/wp-content\/uploads\/2023\/07\/55A6148.jpg 2048w\" data-sizes=\"(max-width: 1030px) 100vw, 1030px\" data-rel='gallery-1' data-prev-img='https:\/\/decomerca.com\/wp-content\/uploads\/2023\/07\/55A6148-495x400.jpg' class='first_thumb lightbox ' data-onclick='2' title='_55A6148'  =\"thumbnailUrl\"  ><img class=\"wp-image-2395 avia-img-lazy-loading-not-2395\"   src=\"https:\/\/decomerca.com\/wp-content\/uploads\/2023\/07\/55A6148-1030x686.jpg\" width=\"1030\" height=\"686\"  title='_55A6148' alt='' srcset=\"https:\/\/decomerca.com\/wp-content\/uploads\/2023\/07\/55A6148-1030x686.jpg 1030w, https:\/\/decomerca.com\/wp-content\/uploads\/2023\/07\/55A6148-300x200.jpg 300w, https:\/\/decomerca.com\/wp-content\/uploads\/2023\/07\/55A6148-768x512.jpg 768w, https:\/\/decomerca.com\/wp-content\/uploads\/2023\/07\/55A6148-1536x1024.jpg 1536w, https:\/\/decomerca.com\/wp-content\/uploads\/2023\/07\/55A6148-1500x1000.jpg 1500w, https:\/\/decomerca.com\/wp-content\/uploads\/2023\/07\/55A6148-705x470.jpg 705w, https:\/\/decomerca.com\/wp-content\/uploads\/2023\/07\/55A6148.jpg 2048w\" sizes=\"(max-width: 1030px) 100vw, 1030px\" \/><\/a> <a href=\"https:\/\/decomerca.com\/wp-content\/uploads\/2023\/07\/55A6162-722x1030.jpg\" data-srcset=\"https:\/\/decomerca.com\/wp-content\/uploads\/2023\/07\/55A6162-722x1030.jpg 722w, https:\/\/decomerca.com\/wp-content\/uploads\/2023\/07\/55A6162-210x300.jpg 210w, https:\/\/decomerca.com\/wp-content\/uploads\/2023\/07\/55A6162-768x1096.jpg 768w, https:\/\/decomerca.com\/wp-content\/uploads\/2023\/07\/55A6162-1076x1536.jpg 1076w, https:\/\/decomerca.com\/wp-content\/uploads\/2023\/07\/55A6162-1051x1500.jpg 1051w, https:\/\/decomerca.com\/wp-content\/uploads\/2023\/07\/55A6162-494x705.jpg 494w, https:\/\/decomerca.com\/wp-content\/uploads\/2023\/07\/55A6162.jpg 1435w\" data-sizes=\"(max-width: 722px) 100vw, 722px\" data-rel='gallery-1' data-prev-img='https:\/\/decomerca.com\/wp-content\/uploads\/2023\/07\/55A6162-495x400.jpg' class='first_thumb lightbox ' data-onclick='3' title='_55A6162'  =\"thumbnailUrl\"  ><img class=\"wp-image-2397 avia-img-lazy-loading-not-2397\"   src=\"https:\/\/decomerca.com\/wp-content\/uploads\/2023\/07\/55A6162-722x1030.jpg\" width=\"722\" height=\"1030\"  title='_55A6162' alt='' srcset=\"https:\/\/decomerca.com\/wp-content\/uploads\/2023\/07\/55A6162-722x1030.jpg 722w, https:\/\/decomerca.com\/wp-content\/uploads\/2023\/07\/55A6162-210x300.jpg 210w, https:\/\/decomerca.com\/wp-content\/uploads\/2023\/07\/55A6162-768x1096.jpg 768w, https:\/\/decomerca.com\/wp-content\/uploads\/2023\/07\/55A6162-1076x1536.jpg 1076w, https:\/\/decomerca.com\/wp-content\/uploads\/2023\/07\/55A6162-1051x1500.jpg 1051w, https:\/\/decomerca.com\/wp-content\/uploads\/2023\/07\/55A6162-494x705.jpg 494w, https:\/\/decomerca.com\/wp-content\/uploads\/2023\/07\/55A6162.jpg 1435w\" sizes=\"(max-width: 722px) 100vw, 722px\" \/><\/a><\/div><\/div><\/div>\n<style type=\"text\/css\" id=\"style-css-av-1mhin-68036a0ec175341c4889fca418ff0f34\">\n#top .flex_column.av-1mhin-68036a0ec175341c4889fca418ff0f34{\nborder-radius:0px;\n-webkit-border-radius:0px;\n-moz-border-radius:0px;\npadding:0px;\n}\n<\/style>\n<div class='flex_column av-1mhin-68036a0ec175341c4889fca418ff0f34 av_one_third  avia-builder-el-5  el_after_av_two_third  avia-builder-el-last  flex_column_div av-zero-column-padding '   ><p>\n<style type=\"text\/css\" id=\"style-css-av-pjpr-77a9899fd6739c2650ffc50f3362b8f4\">\n#top .av-special-heading.av-pjpr-77a9899fd6739c2650ffc50f3362b8f4{\npadding-bottom:25px;\n}\n<\/style>\n<div  class='av-special-heading av-pjpr-77a9899fd6739c2650ffc50f3362b8f4 av-special-heading-h3  avia-builder-el-6  el_before_av_social_share  avia-builder-el-first  '><h3 class='av-special-heading-tag '  =\"headline\"  >Disseny i realitzaci\u00f3 d\u2019una nova parada per a Els fogons del Mercat<\/h3><div class='special-heading-border'><div class='special-heading-inner-border'><\/div><\/div><\/div><br \/>\n<div  class='av-social-sharing-box av-social-sharing-box-default margin px invalid-custom-class-found  avia-builder-el-7  el_after_av_heading  el_before_av_hr  margin px invalid-custom-class-found av-social-sharing-box-fullwidth '><div class=\"av-share-box\"><ul class=\"av-share-box-list noLightbox\"><li class='av-share-link av-social-link-facebook' ><a target=\"_blank\" aria-label=\"Compartir a Facebook\" href='https:\/\/www.facebook.com\/sharer.php?u=https:\/\/decomerca.com\/ca\/proyectos\/els-fogons-del-mercat\/&#038;t=Els%20Fogons%20del%20Mercat' aria-hidden='false' data-av_icon='\ue8f3' data-av_iconfont='entypo-fontello' title='' data-avia-related-tooltip='Compartir a Facebook' rel=\"noopener\"><span class='avia_hidden_link_text'>Compartir a Facebook<\/span><\/a><\/li><li class='av-share-link av-social-link-twitter' ><a target=\"_blank\" aria-label=\"Compartir a Twitter\" href='https:\/\/twitter.com\/share?text=Els%20Fogons%20del%20Mercat&#038;url=https:\/\/decomerca.com\/ca\/?p=2401' aria-hidden='false' data-av_icon='\ue8f1' data-av_iconfont='entypo-fontello' title='' data-avia-related-tooltip='Compartir a Twitter' rel=\"noopener\"><span class='avia_hidden_link_text'>Compartir a Twitter<\/span><\/a><\/li><li class='av-share-link av-social-link-whatsapp' ><a target=\"_blank\" aria-label=\"Share on WhatsApp\" href='https:\/\/api.whatsapp.com\/send?text=https:\/\/decomerca.com\/ca\/proyectos\/els-fogons-del-mercat\/' aria-hidden='false' data-av_icon='\uf232' data-av_iconfont='entypo-fontello' title='' data-avia-related-tooltip='Share on WhatsApp' rel=\"noopener\"><span class='avia_hidden_link_text'>Share on WhatsApp<\/span><\/a><\/li><li class='av-share-link av-social-link-pinterest' ><a target=\"_blank\" aria-label=\"Compartir a Pinterest\" href='https:\/\/pinterest.com\/pin\/create\/button\/?url=https%3A%2F%2Fdecomerca.com%2Fca%2Fproyectos%2Fels-fogons-del-mercat%2F&#038;description=Els%20Fogons%20del%20Mercat&#038;media=https%3A%2F%2Fdecomerca.com%2Fwp-content%2Fuploads%2F2023%2F07%2F55A6162-494x705.jpg' aria-hidden='false' data-av_icon='\ue8f8' data-av_iconfont='entypo-fontello' title='' data-avia-related-tooltip='Compartir a Pinterest' rel=\"noopener\"><span class='avia_hidden_link_text'>Compartir a Pinterest<\/span><\/a><\/li><li class='av-share-link av-social-link-linkedin' ><a target=\"_blank\" aria-label=\"Compartir a LinkedIn\" href='https:\/\/linkedin.com\/shareArticle?mini=true&#038;title=Els%20Fogons%20del%20Mercat&#038;url=https:\/\/decomerca.com\/ca\/proyectos\/els-fogons-del-mercat\/' aria-hidden='false' data-av_icon='\ue8fc' data-av_iconfont='entypo-fontello' title='' data-avia-related-tooltip='Compartir a LinkedIn' rel=\"noopener\"><span class='avia_hidden_link_text'>Compartir a LinkedIn<\/span><\/a><\/li><li class='av-share-link av-social-link-tumblr' ><a target=\"_blank\" aria-label=\"Compartir a Tumblr\" href='https:\/\/www.tumblr.com\/share\/link?url=https%3A%2F%2Fdecomerca.com%2Fca%2Fproyectos%2Fels-fogons-del-mercat%2F&#038;name=Els%20Fogons%20del%20Mercat&#038;description=' aria-hidden='false' data-av_icon='\ue8fa' data-av_iconfont='entypo-fontello' title='' data-avia-related-tooltip='Compartir a Tumblr' rel=\"noopener\"><span class='avia_hidden_link_text'>Compartir a Tumblr<\/span><\/a><\/li><li class='av-share-link av-social-link-vk' ><a target=\"_blank\" aria-label=\"Compartir a Vk\" href='https:\/\/vk.com\/share.php?url=https:\/\/decomerca.com\/ca\/proyectos\/els-fogons-del-mercat\/' aria-hidden='false' data-av_icon='\ue926' data-av_iconfont='entypo-fontello' title='' data-avia-related-tooltip='Compartir a Vk' rel=\"noopener\"><span class='avia_hidden_link_text'>Compartir a Vk<\/span><\/a><\/li><li class='av-share-link av-social-link-reddit' ><a target=\"_blank\" aria-label=\"Compartir a Reddit\" href='https:\/\/reddit.com\/submit?url=https:\/\/decomerca.com\/ca\/proyectos\/els-fogons-del-mercat\/&#038;title=Els%20Fogons%20del%20Mercat' aria-hidden='false' data-av_icon='\ue927' data-av_iconfont='entypo-fontello' title='' data-avia-related-tooltip='Compartir a Reddit' rel=\"noopener\"><span class='avia_hidden_link_text'>Compartir a Reddit<\/span><\/a><\/li><li class='av-share-link av-social-link-mail' ><a  aria-label=\"Compartir per correu\" href='mailto:?subject=Els%20Fogons%20del%20Mercat&#038;body=https:\/\/decomerca.com\/ca\/proyectos\/els-fogons-del-mercat\/' aria-hidden='false' data-av_icon='\ue805' data-av_iconfont='entypo-fontello' title='' data-avia-related-tooltip='Compartir per correu'><span class='avia_hidden_link_text'>Compartir per correu<\/span><\/a><\/li><li class='av-share-link av-social-link-instagram' ><a target=\"_blank\" aria-label=\"Link to Instagram\" href='https:\/\/www.instagram.com\/decomerca\/' aria-hidden='false' data-av_icon='\uf16d' data-av_iconfont='entypo-fontello' title='' data-avia-related-tooltip='Link to Instagram' rel=\"noopener\"><span class='avia_hidden_link_text'>Link to Instagram<\/span><\/a><\/li><\/ul><\/div><\/div><br \/>\n\n<style type=\"text\/css\" id=\"style-css-av-x86j-d74482eac74a803aa524e7581a7d56ac\">\n.hr.av-x86j-d74482eac74a803aa524e7581a7d56ac{\nheight:20px;\n}\n<\/style>\n<div  class='hr av-x86j-d74482eac74a803aa524e7581a7d56ac hr-invisible  avia-builder-el-8  el_after_av_social_share  el_before_av_textblock  '><span class='hr-inner '><span class=\"hr-inner-style\"><\/span><\/span><\/div><br \/>\n<section class=\"av_textblock_section \"  =\"\" =\"https:\/\/schema.org\/CreativeWork\" ><div class='avia_textblock  '   =\"text\" ><p><strong>Text descriptiu del projecte.  <\/strong><\/p>\n<p>Ens complau presentar-vos la nostra nova parada de mercat dissenyada pels Fogons del Mercat!<\/p>\n<p>En col\u00b7laboraci\u00f3 amb Els Fogons del Mercat, hem creat una parada de mercat \u00fanica i atractiva que compleix tots els est\u00e0ndards de disseny i seguretat. El nostre equip d&#8217;experts ha treballat \u00e0rduament per assegurar-vos que cada detall de la parada estigui acuradament pensat i constru\u00eft.<\/p>\n<p>La nostra parada de mercat destaca pel seu estil modern i la seva funcionalitat. Hem utilitzat materials duradors i d&#8217;alta qualitat per garantir-ne la resist\u00e8ncia i durabilitat a llarg termini.<\/p>\n<p>A m\u00e9s, hem tingut en compte l&#8217;ergonomia i l&#8217;efici\u00e8ncia en el disseny de la parada. L\u201fespai ha estat optimitzat per facilitar el flux de clients i maximitzar l\u201fexposici\u00f3 de productes.<\/p>\n<p>Si busqueu una parada de mercat de qualitat, funcional i est\u00e8ticament agradable, no dubteu en contactar-nos. Estarem encantats d&#8217;ajudar-vos a dissenyar i construir la parada de mercat dels vostres somnis.<\/p>\n<\/div><\/section><br \/>\n<div  class='hr av-x86j-43fcd57de21b910ed2499c21d47ee775 hr-default  avia-builder-el-10  el_after_av_textblock  el_before_av_icon_box  '><span class='hr-inner '><span class=\"hr-inner-style\"><\/span><\/span><\/div><br \/>\n<article  class=\"iconbox iconbox_left av-kcuojiqp-6a8adf049202da0d3a958f36c75e3a37  avia-builder-el-11  el_after_av_hr  el_before_av_hr  \"  =\"\" =\"https:\/\/schema.org\/CreativeWork\" ><div class=\"iconbox_content\"><header class=\"entry-content-header\"><div class=\"iconbox_icon heading-color\" aria-hidden='true' data-av_icon='\ue80b' data-av_iconfont='entypo-fontello'><\/div><h3 class='iconbox_content_title  '  =\"headline\" >Client<\/h3><\/header><div class='iconbox_content_container  '  =\"text\" ><p>Els Fogons del Mercat<\/p>\n<p><a href=\"https:\/\/www.elsfogonsdelmercat.com\/sample-page-2\/\">Els Fogons del Mercat<\/a> \u00e9s una empresa dedicada a cuinar per a tu plats mediterranis de temporada, vegans i vegetarians. Quan vulguis i on vulguis, podr\u00e0s gaudir de l&#8217;excepcional cuina que el xef prepara cada dia.<\/p>\n<p>Ofereix plats per emportar o servei de c\u00e0tering per a empreses i escoles. El men\u00fa varia segons la temporada i els aliments del mercat. El podr\u00e0s trobar a la parada 121-125 del Mercat Central de Sabadell oa la parada 101-106 del Mercat Municipal de Badia del Vall\u00e8s.<\/p>\n<\/div><\/div><footer class=\"entry-footer\"><\/footer><\/article><br \/>\n<div  class='hr av-x86j-43fcd57de21b910ed2499c21d47ee775 hr-default  avia-builder-el-12  el_after_av_icon_box  avia-builder-el-last  '><span class='hr-inner '><span class=\"hr-inner-style\"><\/span><\/span><\/div><\/p><\/div><\/div><\/div><\/div><!-- close content main div --><\/div><\/div>\n<style type=\"text\/css\" id=\"style-css-av-pj6b-20c24d94b7e851f06ab31437169baaf4\">\n.avia-section.av-pj6b-20c24d94b7e851f06ab31437169baaf4{\nbackground-repeat:repeat-y;\nbackground-image:url(https:\/\/decomerca.com\/wp-content\/uploads\/2020\/08\/fondo3.png);\nbackground-position:center center;\nbackground-attachment:scroll;\n}\n<\/style>\n<div id='av_section_3'  class='avia-section av-pj6b-20c24d94b7e851f06ab31437169baaf4 main_color avia-section-default avia-shadow  avia-builder-el-13  el_after_av_section  avia-builder-el-last  avia-bg-style-scroll  container_wrap sidebar_right'  data-section-bg-repeat='repeat-y'><div class='container av-section-cont-open' ><div class='template-page content  av-content-small alpha units'><div class='post-entry post-entry-type-page post-entry-2401'><div class='entry-content-wrapper clearfix'>\n\n<style type=\"text\/css\" id=\"style-css-av-kdpofnrl-402e5b32fceafa14aaacfaed53d560bd\">\n#top .av-special-heading.av-kdpofnrl-402e5b32fceafa14aaacfaed53d560bd{\npadding-bottom:10px;\n}\n<\/style>\n<div  class='av-special-heading av-kdpofnrl-402e5b32fceafa14aaacfaed53d560bd av-special-heading-h3 blockquote modern-quote  avia-builder-el-14  el_before_av_portfolio  avia-builder-el-no-sibling  '><h3 class='av-special-heading-tag '  =\"headline\"  >Projectes Relacionats<\/h3><div class='special-heading-border'><div class='special-heading-inner-border'><\/div><\/div><\/div>\n<div  id=\"av-sc-portfolio-1\"  class=\"av-portfolio-grid-sorting-container\"><div class='sort_width_container  av-sort-yes' data-portfolio-id='1' ><div id='js_sort_items' ><div class='sort_by_cat  '><a href=\"#\" data-filter=\"all_sort\" class=\"all_sort_button active_sort\"><span class=\"inner_sort_button\"><span>All<\/span><small class=\"av-cat-count\"> 5 <\/small><\/span><\/a><span class='text-sep botigues_sort_sep'>\/<\/span><a href=\"#\" data-filter=\"botigues_sort\" class=\"botigues_sort_button\" ><span class=\"inner_sort_button\"><span>Botigues<\/span><small class='av-cat-count'> 1 <\/small><\/span><\/a><span class='text-sep forns-de-pa_sort_sep'>\/<\/span><a href=\"#\" data-filter=\"forns-de-pa_sort\" class=\"forns-de-pa_sort_button\" ><span class=\"inner_sort_button\"><span>Forns de pa<\/span><small class='av-cat-count'> 1 <\/small><\/span><\/a><span class='text-sep fruteries_sort_sep'>\/<\/span><a href=\"#\" data-filter=\"fruteries_sort\" class=\"fruteries_sort_button\" ><span class=\"inner_sort_button\"><span>Fruteries<\/span><small class='av-cat-count'> 2 <\/small><\/span><\/a><span class='text-sep mercat_sort_sep'>\/<\/span><a href=\"#\" data-filter=\"mercat_sort\" class=\"mercat_sort_button\" ><span class=\"inner_sort_button\"><span>Mercat<\/span><small class='av-cat-count'> 3 <\/small><\/span><\/a><span class='text-sep peixateries_sort_sep'>\/<\/span><a href=\"#\" data-filter=\"peixateries_sort\" class=\"peixateries_sort_button\" ><span class=\"inner_sort_button\"><span>Peixateries<\/span><small class='av-cat-count'> 1 <\/small><\/span><\/a><span class='text-sep xarcuteria_sort_sep'>\/<\/span><a href=\"#\" data-filter=\"xarcuteria_sort\" class=\"xarcuteria_sort_button\" ><span class=\"inner_sort_button\"><span>Xarcuteria<\/span><small class='av-cat-count'> 1 <\/small><\/span><\/a><\/div><\/div><\/div><div  class=' grid-sort-container isotope   no_margin-container with-excerpt-container grid-total-odd grid-col-5 grid-links-' data-portfolio-id='1'><div data-ajax-id='2424' class=' grid-entry flex_column isotope-item all_sort no_margin post-entry post-entry-2424 grid-entry-overview grid-loop-1 grid-parity-odd  fruteries_sort mercat_sort  av_one_fifth first default_av_fullwidth '><article class='main_color inner-entry'  =\"\" =\"https:\/\/schema.org\/CreativeWork\" ><a href=\"https:\/\/decomerca.com\/ca\/proyectos\/fruiteria-zitric\/\" title='Fruiteria Zitric'  data-rel='grid-1' class='grid-image avia-hover-fx'> <img width=\"260\" height=\"185\" src=\"https:\/\/decomerca.com\/wp-content\/uploads\/2023\/07\/55A6192-260x185.jpg\" class=\"wp-image-2416 avia-img-lazy-loading-not-2416 attachment-portfolio_small size-portfolio_small wp-post-image\" alt=\"\" \/><\/a><div class='grid-content'><div class='avia-arrow'><\/div><header class=\"entry-content-header\"><h3 class='grid-entry-title entry-title '  =\"headline\" ><a href='https:\/\/decomerca.com\/ca\/proyectos\/fruiteria-zitric\/' title='Fruiteria Zitric'>Fruiteria Zitric<\/a><\/h3><\/header><\/div><footer class=\"entry-footer\"><\/footer><\/article><\/div><div data-ajax-id='2401' class=' grid-entry flex_column isotope-item all_sort no_margin post-entry post-entry-2401 grid-entry-overview grid-loop-2 grid-parity-even  mercat_sort xarcuteria_sort  av_one_fifth  default_av_fullwidth '><article class='main_color inner-entry'  =\"\" =\"https:\/\/schema.org\/CreativeWork\" ><a href=\"https:\/\/decomerca.com\/ca\/proyectos\/els-fogons-del-mercat\/\" title='Els Fogons del Mercat'  data-rel='grid-1' class='grid-image avia-hover-fx'> <img width=\"260\" height=\"185\" src=\"https:\/\/decomerca.com\/wp-content\/uploads\/2023\/07\/55A6162-260x185.jpg\" class=\"wp-image-2397 avia-img-lazy-loading-not-2397 attachment-portfolio_small size-portfolio_small wp-post-image\" alt=\"\" \/><\/a><div class='grid-content'><div class='avia-arrow'><\/div><header class=\"entry-content-header\"><h3 class='grid-entry-title entry-title '  =\"headline\" ><a href='https:\/\/decomerca.com\/ca\/proyectos\/els-fogons-del-mercat\/' title='Els Fogons del Mercat'>Els Fogons del Mercat<\/a><\/h3><\/header><\/div><footer class=\"entry-footer\"><\/footer><\/article><\/div><div data-ajax-id='2381' class=' grid-entry flex_column isotope-item all_sort no_margin post-entry post-entry-2381 grid-entry-overview grid-loop-3 grid-parity-odd  forns-de-pa_sort  av_one_fifth  default_av_fullwidth '><article class='main_color inner-entry'  =\"\" =\"https:\/\/schema.org\/CreativeWork\" ><a href=\"https:\/\/decomerca.com\/ca\/proyectos\/vivari-sarria\/\" title='Vivari Sarri\u00e0'  data-rel='grid-1' class='grid-image avia-hover-fx'> <img width=\"260\" height=\"185\" src=\"https:\/\/decomerca.com\/wp-content\/uploads\/2023\/03\/Vivari-vitrinas-260x185.jpg\" class=\"wp-image-2371 avia-img-lazy-loading-not-2371 attachment-portfolio_small size-portfolio_small wp-post-image\" alt=\"\" \/><\/a><div class='grid-content'><div class='avia-arrow'><\/div><header class=\"entry-content-header\"><h3 class='grid-entry-title entry-title '  =\"headline\" ><a href='https:\/\/decomerca.com\/ca\/proyectos\/vivari-sarria\/' title='Vivari Sarri\u00e0'>Vivari Sarri\u00e0<\/a><\/h3><\/header><\/div><footer class=\"entry-footer\"><\/footer><\/article><\/div><div data-ajax-id='2347' class=' grid-entry flex_column isotope-item all_sort no_margin post-entry post-entry-2347 grid-entry-overview grid-loop-4 grid-parity-even  botigues_sort fruteries_sort  av_one_fifth  default_av_fullwidth '><article class='main_color inner-entry'  =\"\" =\"https:\/\/schema.org\/CreativeWork\" ><a href=\"https:\/\/decomerca.com\/ca\/proyectos\/frutaway\/\" title='Frutaway'  data-rel='grid-1' class='grid-image avia-hover-fx'> <img width=\"260\" height=\"185\" src=\"https:\/\/decomerca.com\/wp-content\/uploads\/2023\/02\/Frutaway-etrada-260x185.jpg\" class=\"wp-image-2327 avia-img-lazy-loading-not-2327 attachment-portfolio_small size-portfolio_small wp-post-image\" alt=\"\" \/><\/a><div class='grid-content'><div class='avia-arrow'><\/div><header class=\"entry-content-header\"><h3 class='grid-entry-title entry-title '  =\"headline\" ><a href='https:\/\/decomerca.com\/ca\/proyectos\/frutaway\/' title='Frutaway'>Frutaway<\/a><\/h3><\/header><\/div><footer class=\"entry-footer\"><\/footer><\/article><\/div><div data-ajax-id='2254' class=' grid-entry flex_column isotope-item all_sort no_margin post-entry post-entry-2254 grid-entry-overview grid-loop-5 grid-parity-odd  post-entry-last  mercat_sort peixateries_sort  av_one_fifth  default_av_fullwidth '><article class='main_color inner-entry'  =\"\" =\"https:\/\/schema.org\/CreativeWork\" ><a href=\"https:\/\/decomerca.com\/ca\/proyectos\/reforma-bacallaneria-pujamar\/\" title='Reforma Bacallaner\u00eda Pujamar'  data-rel='grid-1' class='grid-image avia-hover-fx'> <img width=\"260\" height=\"185\" src=\"https:\/\/decomerca.com\/wp-content\/uploads\/2021\/03\/Bacallaneria-260x185.jpg\" class=\"wp-image-2241 avia-img-lazy-loading-not-2241 attachment-portfolio_small size-portfolio_small wp-post-image\" alt=\"\" \/><\/a><div class='grid-content'><div class='avia-arrow'><\/div><header class=\"entry-content-header\"><h3 class='grid-entry-title entry-title '  =\"headline\" ><a href='https:\/\/decomerca.com\/ca\/proyectos\/reforma-bacallaneria-pujamar\/' title='Reforma Bacallaner\u00eda Pujamar'>Reforma Bacallaner\u00eda Pujamar<\/a><\/h3><\/header><\/div><footer class=\"entry-footer\"><\/footer><\/article><\/div><\/div><\/div>   <!--   class=\"av-portfolio-grid-sorting-container\"  -->\n<\/div><\/div><\/div><!-- close content main div --><\/div><\/div><div id='after_section_3'  class='main_color av_default_container_wrap container_wrap sidebar_right'  ><div class='container av-section-cont-open' ><div class='template-page content  av-content-small alpha units'><div class='post-entry post-entry-type-page post-entry-2401'><div class='entry-content-wrapper clearfix'><\/p>\n","protected":false},"excerpt":{"rendered":"","protected":false},"featured_media":2397,"comment_status":"open","ping_status":"closed","template":"","tags":[150,141,125],"portfolio_entries":[131,129],"yoast_head":"<!-- This site is optimized with the Yoast SEO plugin v16.8 - https:\/\/yoast.com\/wordpress\/plugins\/seo\/ -->\n<title>Els Fogons del Mercat - Decomerca<\/title>\n<meta name=\"robots\" content=\"index, follow, max-snippet:-1, max-image-preview:large, max-video-preview:-1\" \/>\n<link rel=\"canonical\" href=\"https:\/\/decomerca.com\/ca\/proyectos\/els-fogons-del-mercat\/\" \/>\n<meta property=\"og:locale\" content=\"ca_ES\" \/>\n<meta property=\"og:type\" content=\"article\" \/>\n<meta property=\"og:title\" content=\"Els Fogons del Mercat - Decomerca\" \/>\n<meta property=\"og:url\" content=\"https:\/\/decomerca.com\/ca\/proyectos\/els-fogons-del-mercat\/\" \/>\n<meta property=\"og:site_name\" content=\"Decomerca\" \/>\n<meta property=\"article:publisher\" content=\"https:\/\/www.facebook.com\/pages\/category\/Home-Improvement\/Decomerca-1662440284000719\/\" \/>\n<meta property=\"article:modified_time\" content=\"2023-07-26T15:53:21+00:00\" \/>\n<meta property=\"og:image\" content=\"https:\/\/decomerca.com\/wp-content\/uploads\/2023\/07\/55A6162.jpg\" \/>\n\t<meta property=\"og:image:width\" content=\"1435\" \/>\n\t<meta property=\"og:image:height\" content=\"2048\" \/>\n<meta name=\"twitter:card\" content=\"summary_large_image\" \/>\n<meta name=\"twitter:label1\" content=\"Temps estimat de lectura\" \/>\n\t<meta name=\"twitter:data1\" content=\"8 minuts\" \/>\n<!-- \/ Yoast SEO plugin. -->","yoast_head_json":{"title":"Els Fogons del Mercat - Decomerca","robots":{"index":"index","follow":"follow","max-snippet":"max-snippet:-1","max-image-preview":"max-image-preview:large","max-video-preview":"max-video-preview:-1"},"canonical":"https:\/\/decomerca.com\/ca\/proyectos\/els-fogons-del-mercat\/","og_locale":"ca_ES","og_type":"article","og_title":"Els Fogons del Mercat - Decomerca","og_url":"https:\/\/decomerca.com\/ca\/proyectos\/els-fogons-del-mercat\/","og_site_name":"Decomerca","article_publisher":"https:\/\/www.facebook.com\/pages\/category\/Home-Improvement\/Decomerca-1662440284000719\/","article_modified_time":"2023-07-26T15:53:21+00:00","og_image":[{"width":1435,"height":2048,"url":"https:\/\/decomerca.com\/wp-content\/uploads\/2023\/07\/55A6162.jpg","path":"\/srv\/vhost\/decomerca.com\/home\/html\/wp-content\/uploads\/2023\/07\/55A6162.jpg","size":"full","id":2397,"alt":"","pixels":2938880,"type":"image\/jpeg"}],"twitter_card":"summary_large_image","twitter_misc":{"Temps estimat de lectura":"8 minuts"},"schema":{"@context":"https:\/\/schema.org","@graph":[{"@type":"Organization","@id":"https:\/\/decomerca.com\/#organization","name":"Decomerca","url":"https:\/\/decomerca.com\/","sameAs":["https:\/\/www.facebook.com\/pages\/category\/Home-Improvement\/Decomerca-1662440284000719\/","https:\/\/www.instagram.com\/decomerca\/"],"logo":{"@type":"ImageObject","@id":"https:\/\/decomerca.com\/#logo","inLanguage":"ca","url":"https:\/\/decomerca.com\/wp-content\/uploads\/2020\/08\/Logoweb.png","contentUrl":"https:\/\/decomerca.com\/wp-content\/uploads\/2020\/08\/Logoweb.png","width":340,"height":156,"caption":"Decomerca"},"image":{"@id":"https:\/\/decomerca.com\/#logo"}},{"@type":"WebSite","@id":"https:\/\/decomerca.com\/#website","url":"https:\/\/decomerca.com\/","name":"Decomerca","description":"Interiorismo comercial","publisher":{"@id":"https:\/\/decomerca.com\/#organization"},"potentialAction":[{"@type":"SearchAction","target":{"@type":"EntryPoint","urlTemplate":"https:\/\/decomerca.com\/?s={search_term_string}"},"query-input":"required name=search_term_string"}],"inLanguage":"ca"},{"@type":"ImageObject","@id":"https:\/\/decomerca.com\/ca\/proyectos\/els-fogons-del-mercat\/#primaryimage","inLanguage":"ca","url":"https:\/\/decomerca.com\/wp-content\/uploads\/2023\/07\/55A6162.jpg","contentUrl":"https:\/\/decomerca.com\/wp-content\/uploads\/2023\/07\/55A6162.jpg","width":1435,"height":2048},{"@type":"WebPage","@id":"https:\/\/decomerca.com\/ca\/proyectos\/els-fogons-del-mercat\/#webpage","url":"https:\/\/decomerca.com\/ca\/proyectos\/els-fogons-del-mercat\/","name":"Els Fogons del Mercat - Decomerca","isPartOf":{"@id":"https:\/\/decomerca.com\/#website"},"primaryImageOfPage":{"@id":"https:\/\/decomerca.com\/ca\/proyectos\/els-fogons-del-mercat\/#primaryimage"},"datePublished":"2023-07-26T15:53:19+00:00","dateModified":"2023-07-26T15:53:21+00:00","breadcrumb":{"@id":"https:\/\/decomerca.com\/ca\/proyectos\/els-fogons-del-mercat\/#breadcrumb"},"inLanguage":"ca","potentialAction":[{"@type":"ReadAction","target":["https:\/\/decomerca.com\/ca\/proyectos\/els-fogons-del-mercat\/"]}]},{"@type":"BreadcrumbList","@id":"https:\/\/decomerca.com\/ca\/proyectos\/els-fogons-del-mercat\/#breadcrumb","itemListElement":[{"@type":"ListItem","position":1,"name":"Portada","item":"https:\/\/decomerca.com\/ca\/home\/"},{"@type":"ListItem","position":2,"name":"Privado: Els Fogons del Mercat"}]}]}},"_links":{"self":[{"href":"https:\/\/decomerca.com\/ca\/wp-json\/wp\/v2\/portfolio\/2401"}],"collection":[{"href":"https:\/\/decomerca.com\/ca\/wp-json\/wp\/v2\/portfolio"}],"about":[{"href":"https:\/\/decomerca.com\/ca\/wp-json\/wp\/v2\/types\/portfolio"}],"replies":[{"embeddable":true,"href":"https:\/\/decomerca.com\/ca\/wp-json\/wp\/v2\/comments?post=2401"}],"version-history":[{"count":5,"href":"https:\/\/decomerca.com\/ca\/wp-json\/wp\/v2\/portfolio\/2401\/revisions"}],"predecessor-version":[{"id":2407,"href":"https:\/\/decomerca.com\/ca\/wp-json\/wp\/v2\/portfolio\/2401\/revisions\/2407"}],"wp:featuredmedia":[{"embeddable":true,"href":"https:\/\/decomerca.com\/ca\/wp-json\/wp\/v2\/media\/2397"}],"wp:attachment":[{"href":"https:\/\/decomerca.com\/ca\/wp-json\/wp\/v2\/media?parent=2401"}],"wp:term":[{"taxonomy":"post_tag","embeddable":true,"href":"https:\/\/decomerca.com\/ca\/wp-json\/wp\/v2\/tags?post=2401"},{"taxonomy":"portfolio_entries","embeddable":true,"href":"https:\/\/decomerca.com\/ca\/wp-json\/wp\/v2\/portfolio_entries?post=2401"}],"curies":[{"name":"wp","href":"https:\/\/api.w.org\/{rel}","templated":true}]}}