{"id":1956,"date":"2021-01-17T18:11:51","date_gmt":"2021-01-17T18:11:51","guid":{"rendered":"https:\/\/decomerca.com\/proyectos\/marcos\/"},"modified":"2021-01-17T19:01:30","modified_gmt":"2021-01-17T19:01:30","slug":"marcos","status":"publish","type":"portfolio","link":"https:\/\/decomerca.com\/ca\/proyectos\/marcos\/","title":{"rendered":"Marcos"},"content":{"rendered":"\n<style type=\"text\/css\" id=\"style-css-av-2z27f-40dc26806f5898f561ee3ebef20468d5\">\n.avia-section.av-2z27f-40dc26806f5898f561ee3ebef20468d5{\nbackground-color:#0c212c;\nbackground-repeat:no-repeat;\nbackground-image:url(https:\/\/decomerca.com\/wp-content\/uploads\/2020\/08\/marcos-1.jpg);\nbackground-position:top center;\nbackground-attachment:scroll;\n}\n<\/style>\n<div id='dp_portfoliotop'  class='avia-section av-2z27f-40dc26806f5898f561ee3ebef20468d5 main_color avia-section-default avia-no-border-styling  avia-builder-el-0  el_before_av_section  avia-builder-el-first  avia-bg-style-scroll  av-minimum-height av-minimum-height-custom  container_wrap sidebar_right'  data-section-bg-repeat='no-repeat'><div class='container av-section-cont-open' style='height:200px'><main  role=\"main\" =\"mainContentOfPage\"  class='template-page content  av-content-small alpha units'><div class='post-entry post-entry-type-page post-entry-1956'><div class='entry-content-wrapper clearfix'>\n\n<style type=\"text\/css\" id=\"style-css-av-kdsw0pgb-50fd1f1c999320b5ab284337bd7c43e0\">\n#top .av-special-heading.av-kdsw0pgb-50fd1f1c999320b5ab284337bd7c43e0{\npadding-bottom:10px;\n}\n.av-special-heading.av-kdsw0pgb-50fd1f1c999320b5ab284337bd7c43e0 .av-subheading{\nfont-size:15px;\n}\n<\/style>\n<div  class='av-special-heading av-kdsw0pgb-50fd1f1c999320b5ab284337bd7c43e0 av-special-heading-h1 custom-color-heading blockquote modern-quote  avia-builder-el-1  avia-builder-el-no-sibling  '><div class='av-subheading av-subheading_above '><p>Reforma de la parada<\/p>\n<\/div><h1 class='av-special-heading-tag '  =\"headline\"  >Marcos<\/h1><div class='special-heading-border'><div class='special-heading-inner-border'><\/div><\/div><\/div>\n\n<\/div><\/div><\/main><!-- close content main element --><\/div><\/div><div id='av_section_2'  class='avia-section av-kdpobj0c-97af49f31df057e006139e8326879146 alternate_color avia-section-default avia-no-border-styling  avia-builder-el-2  el_after_av_section  el_before_av_section  avia-bg-style-scroll  container_wrap sidebar_right'  ><div class='container av-section-cont-open' ><div class='template-page content  av-content-small alpha units'><div class='post-entry post-entry-type-page post-entry-1956'><div class='entry-content-wrapper clearfix'>\n\n<style type=\"text\/css\" id=\"style-css-av-uu83-41933597a9497812b44abd78dfad508c\">\n#top .flex_column.av-uu83-41933597a9497812b44abd78dfad508c{\nborder-radius:0px;\n-webkit-border-radius:0px;\n-moz-border-radius:0px;\npadding:0px;\n}\n<\/style>\n<div class='flex_column av-uu83-41933597a9497812b44abd78dfad508c av_two_third  avia-builder-el-3  el_before_av_one_third  avia-builder-el-first  first flex_column_div av-zero-column-padding '   ><style type=\"text\/css\" id=\"style-css-av-kcuobqxh-d725e29636334c894ad8197dfff45ef6\">\n#top .avia-gallery.av-kcuobqxh-d725e29636334c894ad8197dfff45ef6 .avia-gallery-thumb a{\nwidth:100%;\n}\n<\/style>\n<div  class='avia-gallery av-kcuobqxh-d725e29636334c894ad8197dfff45ef6 avia_animate_when_visible  avia-builder-el-4  avia-builder-el-no-sibling  deactivate_avia_lazyload avia-gallery-animate  avia-gallery-1'  =\"image\" =\"\" =\"https:\/\/schema.org\/ImageObject\" ><div class='avia-gallery-thumb'> <a href=\"https:\/\/decomerca.com\/wp-content\/uploads\/2020\/08\/Marcos-Vista-Frontal-1030x725.jpg\" data-srcset=\"https:\/\/decomerca.com\/wp-content\/uploads\/2020\/08\/Marcos-Vista-Frontal-1030x725.jpg 1030w, https:\/\/decomerca.com\/wp-content\/uploads\/2020\/08\/Marcos-Vista-Frontal-300x211.jpg 300w, https:\/\/decomerca.com\/wp-content\/uploads\/2020\/08\/Marcos-Vista-Frontal-768x540.jpg 768w, https:\/\/decomerca.com\/wp-content\/uploads\/2020\/08\/Marcos-Vista-Frontal-1536x1081.jpg 1536w, https:\/\/decomerca.com\/wp-content\/uploads\/2020\/08\/Marcos-Vista-Frontal-1500x1055.jpg 1500w, https:\/\/decomerca.com\/wp-content\/uploads\/2020\/08\/Marcos-Vista-Frontal-705x496.jpg 705w, https:\/\/decomerca.com\/wp-content\/uploads\/2020\/08\/Marcos-Vista-Frontal.jpg 2048w\" data-sizes=\"(max-width: 1030px) 100vw, 1030px\" data-rel='gallery-1' data-prev-img='https:\/\/decomerca.com\/wp-content\/uploads\/2020\/08\/Marcos-Vista-Frontal-495x400.jpg' class='first_thumb lightbox ' data-onclick='1' title='Marcos - Vista Frontal'  =\"thumbnailUrl\"  ><img class=\"wp-image-1740 avia-img-lazy-loading-not-1740\"   src=\"https:\/\/decomerca.com\/wp-content\/uploads\/2020\/08\/Marcos-Vista-Frontal-1030x725.jpg\" width=\"1030\" height=\"725\"  title='Marcos - Vista Frontal' alt='' srcset=\"https:\/\/decomerca.com\/wp-content\/uploads\/2020\/08\/Marcos-Vista-Frontal-1030x725.jpg 1030w, https:\/\/decomerca.com\/wp-content\/uploads\/2020\/08\/Marcos-Vista-Frontal-300x211.jpg 300w, https:\/\/decomerca.com\/wp-content\/uploads\/2020\/08\/Marcos-Vista-Frontal-768x540.jpg 768w, https:\/\/decomerca.com\/wp-content\/uploads\/2020\/08\/Marcos-Vista-Frontal-1536x1081.jpg 1536w, https:\/\/decomerca.com\/wp-content\/uploads\/2020\/08\/Marcos-Vista-Frontal-1500x1055.jpg 1500w, https:\/\/decomerca.com\/wp-content\/uploads\/2020\/08\/Marcos-Vista-Frontal-705x496.jpg 705w, https:\/\/decomerca.com\/wp-content\/uploads\/2020\/08\/Marcos-Vista-Frontal.jpg 2048w\" sizes=\"(max-width: 1030px) 100vw, 1030px\" \/><\/a> <a href=\"https:\/\/decomerca.com\/wp-content\/uploads\/2020\/08\/Marcos-Vitrinas-1030x658.jpg\" data-srcset=\"https:\/\/decomerca.com\/wp-content\/uploads\/2020\/08\/Marcos-Vitrinas-1030x658.jpg 1030w, https:\/\/decomerca.com\/wp-content\/uploads\/2020\/08\/Marcos-Vitrinas-300x192.jpg 300w, https:\/\/decomerca.com\/wp-content\/uploads\/2020\/08\/Marcos-Vitrinas-768x491.jpg 768w, https:\/\/decomerca.com\/wp-content\/uploads\/2020\/08\/Marcos-Vitrinas-1536x982.jpg 1536w, https:\/\/decomerca.com\/wp-content\/uploads\/2020\/08\/Marcos-Vitrinas-1500x959.jpg 1500w, https:\/\/decomerca.com\/wp-content\/uploads\/2020\/08\/Marcos-Vitrinas-705x451.jpg 705w, https:\/\/decomerca.com\/wp-content\/uploads\/2020\/08\/Marcos-Vitrinas.jpg 2048w\" data-sizes=\"(max-width: 1030px) 100vw, 1030px\" data-rel='gallery-1' data-prev-img='https:\/\/decomerca.com\/wp-content\/uploads\/2020\/08\/Marcos-Vitrinas-495x400.jpg' class='first_thumb lightbox ' data-onclick='2' title='Marcos - Vitrinas'  =\"thumbnailUrl\"  ><img class=\"wp-image-1741 avia-img-lazy-loading-not-1741\"   src=\"https:\/\/decomerca.com\/wp-content\/uploads\/2020\/08\/Marcos-Vitrinas-1030x658.jpg\" width=\"1030\" height=\"658\"  title='Marcos - Vitrinas' alt='' srcset=\"https:\/\/decomerca.com\/wp-content\/uploads\/2020\/08\/Marcos-Vitrinas-1030x658.jpg 1030w, https:\/\/decomerca.com\/wp-content\/uploads\/2020\/08\/Marcos-Vitrinas-300x192.jpg 300w, https:\/\/decomerca.com\/wp-content\/uploads\/2020\/08\/Marcos-Vitrinas-768x491.jpg 768w, https:\/\/decomerca.com\/wp-content\/uploads\/2020\/08\/Marcos-Vitrinas-1536x982.jpg 1536w, https:\/\/decomerca.com\/wp-content\/uploads\/2020\/08\/Marcos-Vitrinas-1500x959.jpg 1500w, https:\/\/decomerca.com\/wp-content\/uploads\/2020\/08\/Marcos-Vitrinas-705x451.jpg 705w, https:\/\/decomerca.com\/wp-content\/uploads\/2020\/08\/Marcos-Vitrinas.jpg 2048w\" sizes=\"(max-width: 1030px) 100vw, 1030px\" \/><\/a><\/div><\/div><\/div>\n<style type=\"text\/css\" id=\"style-css-av-1mhin-68036a0ec175341c4889fca418ff0f34\">\n#top .flex_column.av-1mhin-68036a0ec175341c4889fca418ff0f34{\nborder-radius:0px;\n-webkit-border-radius:0px;\n-moz-border-radius:0px;\npadding:0px;\n}\n<\/style>\n<div class='flex_column av-1mhin-68036a0ec175341c4889fca418ff0f34 av_one_third  avia-builder-el-5  el_after_av_two_third  avia-builder-el-last  flex_column_div av-zero-column-padding '   ><p><div  class='av-social-sharing-box av-social-sharing-box-default margin px invalid-custom-class-found  avia-builder-el-6  el_before_av_hr  avia-builder-el-first  margin px invalid-custom-class-found av-social-sharing-box-fullwidth '><div class=\"av-share-box\"><ul class=\"av-share-box-list noLightbox\"><li class='av-share-link av-social-link-facebook' ><a target=\"_blank\" aria-label=\"Compartir a Facebook\" href='https:\/\/www.facebook.com\/sharer.php?u=https:\/\/decomerca.com\/ca\/proyectos\/marcos\/&#038;t=Marcos' aria-hidden='false' data-av_icon='\ue8f3' data-av_iconfont='entypo-fontello' title='' data-avia-related-tooltip='Compartir a Facebook' rel=\"noopener\"><span class='avia_hidden_link_text'>Compartir a Facebook<\/span><\/a><\/li><li class='av-share-link av-social-link-twitter' ><a target=\"_blank\" aria-label=\"Compartir a Twitter\" href='https:\/\/twitter.com\/share?text=Marcos&#038;url=https:\/\/decomerca.com\/ca\/?p=1956' aria-hidden='false' data-av_icon='\ue8f1' data-av_iconfont='entypo-fontello' title='' data-avia-related-tooltip='Compartir a Twitter' rel=\"noopener\"><span class='avia_hidden_link_text'>Compartir a Twitter<\/span><\/a><\/li><li class='av-share-link av-social-link-whatsapp' ><a target=\"_blank\" aria-label=\"Share on WhatsApp\" href='https:\/\/api.whatsapp.com\/send?text=https:\/\/decomerca.com\/ca\/proyectos\/marcos\/' aria-hidden='false' data-av_icon='\uf232' data-av_iconfont='entypo-fontello' title='' data-avia-related-tooltip='Share on WhatsApp' rel=\"noopener\"><span class='avia_hidden_link_text'>Share on WhatsApp<\/span><\/a><\/li><li class='av-share-link av-social-link-pinterest' ><a target=\"_blank\" aria-label=\"Compartir a Pinterest\" href='https:\/\/pinterest.com\/pin\/create\/button\/?url=https%3A%2F%2Fdecomerca.com%2Fca%2Fproyectos%2Fmarcos%2F&#038;description=Marcos&#038;media=https%3A%2F%2Fdecomerca.com%2Fwp-content%2Fuploads%2F2020%2F08%2FMarcos-Vista-diagonal-705x514.jpg' aria-hidden='false' data-av_icon='\ue8f8' data-av_iconfont='entypo-fontello' title='' data-avia-related-tooltip='Compartir a Pinterest' rel=\"noopener\"><span class='avia_hidden_link_text'>Compartir a Pinterest<\/span><\/a><\/li><li class='av-share-link av-social-link-linkedin' ><a target=\"_blank\" aria-label=\"Compartir a LinkedIn\" href='https:\/\/linkedin.com\/shareArticle?mini=true&#038;title=Marcos&#038;url=https:\/\/decomerca.com\/ca\/proyectos\/marcos\/' aria-hidden='false' data-av_icon='\ue8fc' data-av_iconfont='entypo-fontello' title='' data-avia-related-tooltip='Compartir a LinkedIn' rel=\"noopener\"><span class='avia_hidden_link_text'>Compartir a LinkedIn<\/span><\/a><\/li><li class='av-share-link av-social-link-tumblr' ><a target=\"_blank\" aria-label=\"Compartir a Tumblr\" href='https:\/\/www.tumblr.com\/share\/link?url=https%3A%2F%2Fdecomerca.com%2Fca%2Fproyectos%2Fmarcos%2F&#038;name=Marcos&#038;description=' aria-hidden='false' data-av_icon='\ue8fa' data-av_iconfont='entypo-fontello' title='' data-avia-related-tooltip='Compartir a Tumblr' rel=\"noopener\"><span class='avia_hidden_link_text'>Compartir a Tumblr<\/span><\/a><\/li><li class='av-share-link av-social-link-vk' ><a target=\"_blank\" aria-label=\"Compartir a Vk\" href='https:\/\/vk.com\/share.php?url=https:\/\/decomerca.com\/ca\/proyectos\/marcos\/' aria-hidden='false' data-av_icon='\ue926' data-av_iconfont='entypo-fontello' title='' data-avia-related-tooltip='Compartir a Vk' rel=\"noopener\"><span class='avia_hidden_link_text'>Compartir a Vk<\/span><\/a><\/li><li class='av-share-link av-social-link-reddit' ><a target=\"_blank\" aria-label=\"Compartir a Reddit\" href='https:\/\/reddit.com\/submit?url=https:\/\/decomerca.com\/ca\/proyectos\/marcos\/&#038;title=Marcos' aria-hidden='false' data-av_icon='\ue927' data-av_iconfont='entypo-fontello' title='' data-avia-related-tooltip='Compartir a Reddit' rel=\"noopener\"><span class='avia_hidden_link_text'>Compartir a Reddit<\/span><\/a><\/li><li class='av-share-link av-social-link-mail' ><a  aria-label=\"Compartir per correu\" href='mailto:?subject=Marcos&#038;body=https:\/\/decomerca.com\/ca\/proyectos\/marcos\/' aria-hidden='false' data-av_icon='\ue805' data-av_iconfont='entypo-fontello' title='' data-avia-related-tooltip='Compartir per correu'><span class='avia_hidden_link_text'>Compartir per correu<\/span><\/a><\/li><li class='av-share-link av-social-link-instagram' ><a target=\"_blank\" aria-label=\"Link to Instagram\" href='https:\/\/www.instagram.com\/decomerca\/' aria-hidden='false' data-av_icon='\uf16d' data-av_iconfont='entypo-fontello' title='' data-avia-related-tooltip='Link to Instagram' rel=\"noopener\"><span class='avia_hidden_link_text'>Link to Instagram<\/span><\/a><\/li><\/ul><\/div><\/div><br \/>\n\n<style type=\"text\/css\" id=\"style-css-av-x86j-d74482eac74a803aa524e7581a7d56ac\">\n.hr.av-x86j-d74482eac74a803aa524e7581a7d56ac{\nheight:20px;\n}\n<\/style>\n<div  class='hr av-x86j-d74482eac74a803aa524e7581a7d56ac hr-invisible  avia-builder-el-7  el_after_av_social_share  el_before_av_textblock  '><span class='hr-inner '><span class=\"hr-inner-style\"><\/span><\/span><\/div><br \/>\n<section class=\"av_textblock_section \"  =\"\" =\"https:\/\/schema.org\/CreativeWork\" ><div class='avia_textblock  '   =\"text\" ><p><span style=\"color: #333333;\">L\u2019empresa Marcos ens va encarregar la reforma completa de la seva parada al Mercat de la Boqueria. Respectant l\u2019estructura del sostre existent, vam renovar la imatge de l\u2019establiment amb un disseny modern i cridaner, que permet ressaltar el producte i atreure m\u00e9s clients.<br \/>\n<\/span><\/p>\n<\/div><\/section><br \/>\n<div  class='hr av-x86j-43fcd57de21b910ed2499c21d47ee775 hr-default  avia-builder-el-9  el_after_av_textblock  el_before_av_icon_box  '><span class='hr-inner '><span class=\"hr-inner-style\"><\/span><\/span><\/div><br \/>\n<article  class=\"iconbox iconbox_left av-kcuojiqp-7c086402bd50f9295cb68c0270bc08ea  avia-builder-el-10  el_after_av_hr  el_before_av_hr  \"  =\"\" =\"https:\/\/schema.org\/CreativeWork\" ><div class=\"iconbox_content\"><header class=\"entry-content-header\"><div class=\"iconbox_icon heading-color\" aria-hidden='true' data-av_icon='\ue80b' data-av_iconfont='entypo-fontello'><\/div><h3 class='iconbox_content_title  '  =\"headline\" >Pernils Marcos<\/h3><\/header><div class='iconbox_content_container  '  =\"text\" ><p>Mercat de la Boquer\u00eda<\/p>\n<p>S\u00f3n especialistes en pernils i embotits i degustaci\u00f3 DO de primera qualitat.<\/p>\n<\/div><\/div><footer class=\"entry-footer\"><\/footer><\/article><br \/>\n<div  class='hr av-x86j-43fcd57de21b910ed2499c21d47ee775 hr-default  avia-builder-el-11  el_after_av_icon_box  el_before_av_sidebar  '><span class='hr-inner '><span class=\"hr-inner-style\"><\/span><\/span><\/div><br \/>\n<br \/>\n<div  class='av_gmaps_sc_main_wrap av_gmaps_main_wrap '><div id='av_gmap_0' class='avia-google-map-container avia-google-map-sc av_gmaps_show_unconditionally av-no-fallback-img ' data-mapid='av_gmap_0'  style='height: 300px;'><a class=\"av_gmaps_browser_disabled av_text_confirm_link av_text_confirm_link_visible\" href=\"https:\/\/www.google.com\/maps\/search\/?api=1&#038;query=Mercat%20Sant%20Gervasi%20%20Barcelona\" target=\"_blank\" rel=\"noopener\">Maps were disabled by the visitor on this site. Click to open the map in a new window.<\/a><\/div><\/div><\/p><\/div><\/div><\/div><\/div><!-- close content main div --><\/div><\/div>\n<style type=\"text\/css\" id=\"style-css-av-pj6b-20c24d94b7e851f06ab31437169baaf4\">\n.avia-section.av-pj6b-20c24d94b7e851f06ab31437169baaf4{\nbackground-repeat:repeat-y;\nbackground-image:url(https:\/\/decomerca.com\/wp-content\/uploads\/2020\/08\/fondo3.png);\nbackground-position:center center;\nbackground-attachment:scroll;\n}\n<\/style>\n<div id='av_section_3'  class='avia-section av-pj6b-20c24d94b7e851f06ab31437169baaf4 main_color avia-section-default avia-shadow  avia-builder-el-14  el_after_av_section  avia-builder-el-last  avia-bg-style-scroll  container_wrap sidebar_right'  data-section-bg-repeat='repeat-y'><div class='container av-section-cont-open' ><div class='template-page content  av-content-small alpha units'><div class='post-entry post-entry-type-page post-entry-1956'><div class='entry-content-wrapper clearfix'>\n\n<style type=\"text\/css\" id=\"style-css-av-kdufhsbc-d041292e8146c16ddac0a4cff2a10de4\">\n#top .av-special-heading.av-kdufhsbc-d041292e8146c16ddac0a4cff2a10de4{\npadding-bottom:10px;\n}\n<\/style>\n<div  class='av-special-heading av-kdufhsbc-d041292e8146c16ddac0a4cff2a10de4 av-special-heading-h3 blockquote modern-quote  avia-builder-el-15  el_before_av_portfolio  avia-builder-el-no-sibling  '><h3 class='av-special-heading-tag '  =\"headline\"  >Projectes relacionats<\/h3><div class='special-heading-border'><div class='special-heading-inner-border'><\/div><\/div><\/div>\n<div  id=\"av-sc-portfolio-1\"  class=' grid-sort-container isotope   no_margin-container with-excerpt-container grid-total-odd grid-col-5 grid-links-' data-portfolio-id='1'><div data-ajax-id='2424' class=' grid-entry flex_column isotope-item all_sort no_margin post-entry post-entry-2424 grid-entry-overview grid-loop-1 grid-parity-odd  fruteries_sort mercat_sort  av_one_fifth first default_av_fullwidth '><article class='main_color inner-entry'  =\"\" =\"https:\/\/schema.org\/CreativeWork\" ><a href=\"https:\/\/decomerca.com\/ca\/proyectos\/fruiteria-zitric\/\" title='Fruiteria Zitric'  data-rel='grid-1' class='grid-image avia-hover-fx'> <img width=\"260\" height=\"185\" src=\"https:\/\/decomerca.com\/wp-content\/uploads\/2023\/07\/55A6192-260x185.jpg\" class=\"wp-image-2416 avia-img-lazy-loading-not-2416 attachment-portfolio_small size-portfolio_small wp-post-image\" alt=\"\" \/><\/a><div class='grid-content'><div class='avia-arrow'><\/div><header class=\"entry-content-header\"><h3 class='grid-entry-title entry-title '  =\"headline\" ><a href='https:\/\/decomerca.com\/ca\/proyectos\/fruiteria-zitric\/' title='Fruiteria Zitric'>Fruiteria Zitric<\/a><\/h3><\/header><\/div><footer class=\"entry-footer\"><\/footer><\/article><\/div><div data-ajax-id='2401' class=' grid-entry flex_column isotope-item all_sort no_margin post-entry post-entry-2401 grid-entry-overview grid-loop-2 grid-parity-even  mercat_sort xarcuteria_sort  av_one_fifth  default_av_fullwidth '><article class='main_color inner-entry'  =\"\" =\"https:\/\/schema.org\/CreativeWork\" ><a href=\"https:\/\/decomerca.com\/ca\/proyectos\/els-fogons-del-mercat\/\" title='Els Fogons del Mercat'  data-rel='grid-1' class='grid-image avia-hover-fx'> <img width=\"260\" height=\"185\" src=\"https:\/\/decomerca.com\/wp-content\/uploads\/2023\/07\/55A6162-260x185.jpg\" class=\"wp-image-2397 avia-img-lazy-loading-not-2397 attachment-portfolio_small size-portfolio_small wp-post-image\" alt=\"\" \/><\/a><div class='grid-content'><div class='avia-arrow'><\/div><header class=\"entry-content-header\"><h3 class='grid-entry-title entry-title '  =\"headline\" ><a href='https:\/\/decomerca.com\/ca\/proyectos\/els-fogons-del-mercat\/' title='Els Fogons del Mercat'>Els Fogons del Mercat<\/a><\/h3><\/header><\/div><footer class=\"entry-footer\"><\/footer><\/article><\/div><div data-ajax-id='2381' class=' grid-entry flex_column isotope-item all_sort no_margin post-entry post-entry-2381 grid-entry-overview grid-loop-3 grid-parity-odd  forns-de-pa_sort  av_one_fifth  default_av_fullwidth '><article class='main_color inner-entry'  =\"\" =\"https:\/\/schema.org\/CreativeWork\" ><a href=\"https:\/\/decomerca.com\/ca\/proyectos\/vivari-sarria\/\" title='Vivari Sarri\u00e0'  data-rel='grid-1' class='grid-image avia-hover-fx'> <img width=\"260\" height=\"185\" src=\"https:\/\/decomerca.com\/wp-content\/uploads\/2023\/03\/Vivari-vitrinas-260x185.jpg\" class=\"wp-image-2371 avia-img-lazy-loading-not-2371 attachment-portfolio_small size-portfolio_small wp-post-image\" alt=\"\" \/><\/a><div class='grid-content'><div class='avia-arrow'><\/div><header class=\"entry-content-header\"><h3 class='grid-entry-title entry-title '  =\"headline\" ><a href='https:\/\/decomerca.com\/ca\/proyectos\/vivari-sarria\/' title='Vivari Sarri\u00e0'>Vivari Sarri\u00e0<\/a><\/h3><\/header><\/div><footer class=\"entry-footer\"><\/footer><\/article><\/div><div data-ajax-id='2347' class=' grid-entry flex_column isotope-item all_sort no_margin post-entry post-entry-2347 grid-entry-overview grid-loop-4 grid-parity-even  botigues_sort fruteries_sort  av_one_fifth  default_av_fullwidth '><article class='main_color inner-entry'  =\"\" =\"https:\/\/schema.org\/CreativeWork\" ><a href=\"https:\/\/decomerca.com\/ca\/proyectos\/frutaway\/\" title='Frutaway'  data-rel='grid-1' class='grid-image avia-hover-fx'> <img width=\"260\" height=\"185\" src=\"https:\/\/decomerca.com\/wp-content\/uploads\/2023\/02\/Frutaway-etrada-260x185.jpg\" class=\"wp-image-2327 avia-img-lazy-loading-not-2327 attachment-portfolio_small size-portfolio_small wp-post-image\" alt=\"\" \/><\/a><div class='grid-content'><div class='avia-arrow'><\/div><header class=\"entry-content-header\"><h3 class='grid-entry-title entry-title '  =\"headline\" ><a href='https:\/\/decomerca.com\/ca\/proyectos\/frutaway\/' title='Frutaway'>Frutaway<\/a><\/h3><\/header><\/div><footer class=\"entry-footer\"><\/footer><\/article><\/div><div data-ajax-id='2254' class=' grid-entry flex_column isotope-item all_sort no_margin post-entry post-entry-2254 grid-entry-overview grid-loop-5 grid-parity-odd  post-entry-last  mercat_sort peixateries_sort  av_one_fifth  default_av_fullwidth '><article class='main_color inner-entry'  =\"\" =\"https:\/\/schema.org\/CreativeWork\" ><a href=\"https:\/\/decomerca.com\/ca\/proyectos\/reforma-bacallaneria-pujamar\/\" title='Reforma Bacallaner\u00eda Pujamar'  data-rel='grid-1' class='grid-image avia-hover-fx'> <img width=\"260\" height=\"185\" src=\"https:\/\/decomerca.com\/wp-content\/uploads\/2021\/03\/Bacallaneria-260x185.jpg\" class=\"wp-image-2241 avia-img-lazy-loading-not-2241 attachment-portfolio_small size-portfolio_small wp-post-image\" alt=\"\" \/><\/a><div class='grid-content'><div class='avia-arrow'><\/div><header class=\"entry-content-header\"><h3 class='grid-entry-title entry-title '  =\"headline\" ><a href='https:\/\/decomerca.com\/ca\/proyectos\/reforma-bacallaneria-pujamar\/' title='Reforma Bacallaner\u00eda Pujamar'>Reforma Bacallaner\u00eda Pujamar<\/a><\/h3><\/header><\/div><footer class=\"entry-footer\"><\/footer><\/article><\/div><\/div>\n<\/div><\/div><\/div><!-- close content main div --><\/div><\/div><div id='after_section_3'  class='main_color av_default_container_wrap container_wrap sidebar_right'  ><div class='container av-section-cont-open' ><div class='template-page content  av-content-small alpha units'><div class='post-entry post-entry-type-page post-entry-1956'><div class='entry-content-wrapper clearfix'><\/p>\n","protected":false},"excerpt":{"rendered":"","protected":false},"featured_media":1739,"comment_status":"open","ping_status":"closed","template":"","tags":[148,141,151,149],"portfolio_entries":[131,129],"yoast_head":"<!-- This site is optimized with the Yoast SEO plugin v16.8 - https:\/\/yoast.com\/wordpress\/plugins\/seo\/ -->\n<title>Jamones Marcos | Mercat de la Boquer\u00eda | Barcelona<\/title>\n<meta name=\"description\" content=\"Jamones Marcos, parada localizada en el mercado de la Boquer\u00eda, en pleno Raval de Barcelona, ha elegido Decomerca para el redise\u00f1o y la reforme de su negocio.\" \/>\n<meta name=\"robots\" content=\"index, follow, max-snippet:-1, max-image-preview:large, max-video-preview:-1\" \/>\n<link rel=\"canonical\" href=\"https:\/\/decomerca.com\/ca\/proyectos\/marcos\/\" \/>\n<meta property=\"og:locale\" content=\"ca_ES\" \/>\n<meta property=\"og:type\" content=\"article\" \/>\n<meta property=\"og:title\" content=\"Jamones Marcos | Mercat de la Boquer\u00eda | Barcelona\" \/>\n<meta property=\"og:description\" content=\"Jamones Marcos, parada localizada en el mercado de la Boquer\u00eda, en pleno Raval de Barcelona, ha elegido Decomerca para el redise\u00f1o y la reforme de su negocio.\" \/>\n<meta property=\"og:url\" content=\"https:\/\/decomerca.com\/ca\/proyectos\/marcos\/\" \/>\n<meta property=\"og:site_name\" content=\"Decomerca\" \/>\n<meta property=\"article:publisher\" content=\"https:\/\/www.facebook.com\/pages\/category\/Home-Improvement\/Decomerca-1662440284000719\/\" \/>\n<meta property=\"article:modified_time\" content=\"2021-01-17T19:01:30+00:00\" \/>\n<meta property=\"og:image\" content=\"https:\/\/decomerca.com\/wp-content\/uploads\/2020\/08\/Marcos-Vista-diagonal.jpg\" \/>\n\t<meta property=\"og:image:width\" content=\"2048\" \/>\n\t<meta property=\"og:image:height\" content=\"1494\" \/>\n<meta name=\"twitter:card\" content=\"summary_large_image\" \/>\n<meta name=\"twitter:label1\" content=\"Temps estimat de lectura\" \/>\n\t<meta name=\"twitter:data1\" content=\"7 minuts\" \/>\n<!-- \/ Yoast SEO plugin. -->","yoast_head_json":{"title":"Jamones Marcos | Mercat de la Boquer\u00eda | Barcelona","description":"Jamones Marcos, parada localizada en el mercado de la Boquer\u00eda, en pleno Raval de Barcelona, ha elegido Decomerca para el redise\u00f1o y la reforme de su negocio.","robots":{"index":"index","follow":"follow","max-snippet":"max-snippet:-1","max-image-preview":"max-image-preview:large","max-video-preview":"max-video-preview:-1"},"canonical":"https:\/\/decomerca.com\/ca\/proyectos\/marcos\/","og_locale":"ca_ES","og_type":"article","og_title":"Jamones Marcos | Mercat de la Boquer\u00eda | Barcelona","og_description":"Jamones Marcos, parada localizada en el mercado de la Boquer\u00eda, en pleno Raval de Barcelona, ha elegido Decomerca para el redise\u00f1o y la reforme de su negocio.","og_url":"https:\/\/decomerca.com\/ca\/proyectos\/marcos\/","og_site_name":"Decomerca","article_publisher":"https:\/\/www.facebook.com\/pages\/category\/Home-Improvement\/Decomerca-1662440284000719\/","article_modified_time":"2021-01-17T19:01:30+00:00","og_image":[{"width":2048,"height":1494,"url":"https:\/\/decomerca.com\/wp-content\/uploads\/2020\/08\/Marcos-Vista-diagonal.jpg","path":"\/var\/www\/vhost\/decomerca.com\/home\/html\/wp-content\/uploads\/2020\/08\/Marcos-Vista-diagonal.jpg","size":"full","id":1739,"alt":"","pixels":3059712,"type":"image\/jpeg"}],"twitter_card":"summary_large_image","twitter_misc":{"Temps estimat de lectura":"7 minuts"},"schema":{"@context":"https:\/\/schema.org","@graph":[{"@type":"Organization","@id":"https:\/\/decomerca.com\/#organization","name":"Decomerca","url":"https:\/\/decomerca.com\/","sameAs":["https:\/\/www.facebook.com\/pages\/category\/Home-Improvement\/Decomerca-1662440284000719\/","https:\/\/www.instagram.com\/decomerca\/"],"logo":{"@type":"ImageObject","@id":"https:\/\/decomerca.com\/#logo","inLanguage":"ca","url":"https:\/\/decomerca.com\/wp-content\/uploads\/2020\/08\/Logoweb.png","contentUrl":"https:\/\/decomerca.com\/wp-content\/uploads\/2020\/08\/Logoweb.png","width":340,"height":156,"caption":"Decomerca"},"image":{"@id":"https:\/\/decomerca.com\/#logo"}},{"@type":"WebSite","@id":"https:\/\/decomerca.com\/#website","url":"https:\/\/decomerca.com\/","name":"Decomerca","description":"Interiorismo comercial","publisher":{"@id":"https:\/\/decomerca.com\/#organization"},"potentialAction":[{"@type":"SearchAction","target":{"@type":"EntryPoint","urlTemplate":"https:\/\/decomerca.com\/?s={search_term_string}"},"query-input":"required name=search_term_string"}],"inLanguage":"ca"},{"@type":"ImageObject","@id":"https:\/\/decomerca.com\/ca\/proyectos\/marcos\/#primaryimage","inLanguage":"ca","url":"https:\/\/decomerca.com\/wp-content\/uploads\/2020\/08\/Marcos-Vista-diagonal.jpg","contentUrl":"https:\/\/decomerca.com\/wp-content\/uploads\/2020\/08\/Marcos-Vista-diagonal.jpg","width":2048,"height":1494},{"@type":"WebPage","@id":"https:\/\/decomerca.com\/ca\/proyectos\/marcos\/#webpage","url":"https:\/\/decomerca.com\/ca\/proyectos\/marcos\/","name":"Jamones Marcos | Mercat de la Boquer\u00eda | Barcelona","isPartOf":{"@id":"https:\/\/decomerca.com\/#website"},"primaryImageOfPage":{"@id":"https:\/\/decomerca.com\/ca\/proyectos\/marcos\/#primaryimage"},"datePublished":"2021-01-17T18:11:51+00:00","dateModified":"2021-01-17T19:01:30+00:00","description":"Jamones Marcos, parada localizada en el mercado de la Boquer\u00eda, en pleno Raval de Barcelona, ha elegido Decomerca para el redise\u00f1o y la reforme de su negocio.","breadcrumb":{"@id":"https:\/\/decomerca.com\/ca\/proyectos\/marcos\/#breadcrumb"},"inLanguage":"ca","potentialAction":[{"@type":"ReadAction","target":["https:\/\/decomerca.com\/ca\/proyectos\/marcos\/"]}]},{"@type":"BreadcrumbList","@id":"https:\/\/decomerca.com\/ca\/proyectos\/marcos\/#breadcrumb","itemListElement":[{"@type":"ListItem","position":1,"name":"Portada","item":"https:\/\/decomerca.com\/ca\/home\/"},{"@type":"ListItem","position":2,"name":"Marcos"}]}]}},"_links":{"self":[{"href":"https:\/\/decomerca.com\/ca\/wp-json\/wp\/v2\/portfolio\/1956"}],"collection":[{"href":"https:\/\/decomerca.com\/ca\/wp-json\/wp\/v2\/portfolio"}],"about":[{"href":"https:\/\/decomerca.com\/ca\/wp-json\/wp\/v2\/types\/portfolio"}],"replies":[{"embeddable":true,"href":"https:\/\/decomerca.com\/ca\/wp-json\/wp\/v2\/comments?post=1956"}],"version-history":[{"count":12,"href":"https:\/\/decomerca.com\/ca\/wp-json\/wp\/v2\/portfolio\/1956\/revisions"}],"predecessor-version":[{"id":2115,"href":"https:\/\/decomerca.com\/ca\/wp-json\/wp\/v2\/portfolio\/1956\/revisions\/2115"}],"wp:featuredmedia":[{"embeddable":true,"href":"https:\/\/decomerca.com\/ca\/wp-json\/wp\/v2\/media\/1739"}],"wp:attachment":[{"href":"https:\/\/decomerca.com\/ca\/wp-json\/wp\/v2\/media?parent=1956"}],"wp:term":[{"taxonomy":"post_tag","embeddable":true,"href":"https:\/\/decomerca.com\/ca\/wp-json\/wp\/v2\/tags?post=1956"},{"taxonomy":"portfolio_entries","embeddable":true,"href":"https:\/\/decomerca.com\/ca\/wp-json\/wp\/v2\/portfolio_entries?post=1956"}],"curies":[{"name":"wp","href":"https:\/\/api.w.org\/{rel}","templated":true}]}}