{"id":2079,"date":"2021-01-17T18:44:47","date_gmt":"2021-01-17T18:44:47","guid":{"rendered":"https:\/\/decomerca.com\/serveis\/vitrines-frigorifiques-a-mida\/"},"modified":"2021-01-17T19:35:29","modified_gmt":"2021-01-17T19:35:29","slug":"vitrines-frigorifiques-a-mida","status":"publish","type":"page","link":"https:\/\/decomerca.com\/ca\/serveis\/vitrines-frigorifiques-a-mida\/","title":{"rendered":"Vitrines frigor\u00edfiques a mida"},"content":{"rendered":"\n<style type=\"text\/css\" id=\"style-css-av-2z27f-91b560659849c4421f1bd1d4e1149fb5\">\n.avia-section.av-2z27f-91b560659849c4421f1bd1d4e1149fb5{\nbackground-color:#0c212c;\nbackground-repeat:no-repeat;\nbackground-image:url(https:\/\/decomerca.com\/wp-content\/uploads\/2020\/07\/Galilot-Top-2.jpg);\nbackground-position:top center;\nbackground-attachment:scroll;\n}\n<\/style>\n<div id='dp_portfoliotop'  class='avia-section av-2z27f-91b560659849c4421f1bd1d4e1149fb5 main_color avia-section-default avia-no-border-styling  avia-builder-el-0  el_before_av_section  avia-builder-el-first  avia-bg-style-scroll  av-minimum-height av-minimum-height-custom  container_wrap sidebar_right'  data-section-bg-repeat='no-repeat'><div class='container av-section-cont-open' style='height:200px'><main  role=\"main\" =\"mainContentOfPage\"  class='template-page content  av-content-small alpha units'><div class='post-entry post-entry-type-page post-entry-2079'><div class='entry-content-wrapper clearfix'>\n\n<style type=\"text\/css\" id=\"style-css-av-kdsywdaa-bcbb7b738600aa3c8709acf9e03685dc\">\n#top .av-special-heading.av-kdsywdaa-bcbb7b738600aa3c8709acf9e03685dc{\npadding-bottom:10px;\n}\n.av-special-heading.av-kdsywdaa-bcbb7b738600aa3c8709acf9e03685dc .av-subheading{\nfont-size:15px;\n}\n<\/style>\n<div  class='av-special-heading av-kdsywdaa-bcbb7b738600aa3c8709acf9e03685dc av-special-heading-h1 custom-color-heading blockquote modern-quote  avia-builder-el-1  avia-builder-el-no-sibling  '><div class='av-subheading av-subheading_above '><p>Serveis<\/p>\n<\/div><h1 class='av-special-heading-tag '  =\"headline\"  >Vitrines frigor\u00edfiques a Mida<\/h1><div class='special-heading-border'><div class='special-heading-inner-border'><\/div><\/div><\/div>\n\n<\/div><\/div><\/main><!-- close content main element --><\/div><\/div><div id='av_section_2'  class='avia-section av-kdhqbuvk-f62686efc8f29a1e313331eb82930794 alternate_color avia-section-default avia-no-shadow  avia-builder-el-2  el_after_av_section  el_before_av_section  avia-bg-style-scroll  container_wrap sidebar_right'  ><div class='container av-section-cont-open' ><div class='template-page content  av-content-small alpha units'><div class='post-entry post-entry-type-page post-entry-2079'><div class='entry-content-wrapper clearfix'>\n\n<style type=\"text\/css\" id=\"style-css-av-1mhin-158c659d24126102d15291fc47f4800b\">\n#top .flex_column.av-1mhin-158c659d24126102d15291fc47f4800b{\nborder-radius:0px 0px 0px 0px;\n-webkit-border-radius:0px 0px 0px 0px;\n-moz-border-radius:0px 0px 0px 0px;\npadding:0px;\n}\n<\/style>\n<div class='flex_column av-1mhin-158c659d24126102d15291fc47f4800b av_one_third  avia-builder-el-3  el_before_av_two_third  avia-builder-el-first  first flex_column_div av-zero-column-padding '   ><p>\n<style type=\"text\/css\" id=\"style-css-av-zaj1-e3958a2f44a79a4d8237158187919b84\">\n#top .av-special-heading.av-zaj1-e3958a2f44a79a4d8237158187919b84{\npadding-bottom:10px;\n}\n<\/style>\n<div  class='av-special-heading av-zaj1-e3958a2f44a79a4d8237158187919b84 av-special-heading-h3  avia-builder-el-4  el_before_av_textblock  avia-builder-el-first  '><h3 class='av-special-heading-tag '  =\"headline\"  >Constru\u00efm a la teva mida<\/h3><div class='special-heading-border'><div class='special-heading-inner-border'><\/div><\/div><\/div><br \/>\n<section class=\"av_textblock_section \"  =\"\" =\"https:\/\/schema.org\/CreativeWork\" ><div class='avia_textblock  '   =\"text\" ><p>Les nostres vitrines i mobiliari s\u2019adapten perfectament a les teves necessitats, ja que estan personalitzats segons el tipus d\u2019establiment i l\u2019espai disponible.<\/p>\n<p>Decomerca realitza vitrines frigor\u00edfiques per a restaurants, cafeteries, bars, pizzeries, fleques, carnisseries i peixateries. Els nostres taulells refrigerats mantenen intactes els teus productes, t\u2019ajuden a promoure\u2019ls i, aix\u00ed, a <span class=\"st\">augmentar les vendes.<\/span> Ens encarreguem de tot l\u2019equipament i els accessoris que necessitis per al teu negoci d\u2019alimentaci\u00f3.<\/p>\n<p>Trobar\u00e0s la soluci\u00f3 que m\u00e9s s\u2019ajusta al teu negoci, i sempre amb els millors materials, des del Neolith fins al Silestone, passant per l\u2019acer inoxidable i la fusta.<\/p>\n<p><!-- \/wp:paragraph --><\/p>\n<\/div><\/section><\/p><\/div>\n<style type=\"text\/css\" id=\"style-css-av-l3s-68d8569a08c3b7a8309520e10dafbbab\">\n#top .flex_column.av-l3s-68d8569a08c3b7a8309520e10dafbbab{\nborder-radius:0px;\n-webkit-border-radius:0px;\n-moz-border-radius:0px;\npadding:0px;\n}\n<\/style>\n<div class='flex_column av-l3s-68d8569a08c3b7a8309520e10dafbbab av_two_third  avia-builder-el-6  el_after_av_one_third  avia-builder-el-last  flex_column_div av-zero-column-padding '   ><p>\n<style type=\"text\/css\" id=\"style-css-av-ke11t5z1-bee5f6acb7d2ef4b0d371580f61df253\">\n.hr.av-ke11t5z1-bee5f6acb7d2ef4b0d371580f61df253{\nheight:5px;\n}\n<\/style>\n<div  class='hr av-ke11t5z1-bee5f6acb7d2ef4b0d371580f61df253 hr-invisible  avia-builder-el-7  el_before_av_slideshow  avia-builder-el-first  '><span class='hr-inner '><span class=\"hr-inner-style\"><\/span><\/span><\/div><br \/>\n<div   data-size='magazine'  data-lightbox_size='large'  data-animation='slide_up'  data-conditional_play=''  data-ids='1087,630,62,47'  data-video_counter='0'  data-autoplay='true'  data-bg_slider='false'  data-slide_height=''  data-handle='av_slideshow'  data-interval='3'  data-class=' avia-builder-el-8  el_after_av_hr  avia-builder-el-last  '  data-el_id=''  data-css_id=''  data-scroll_down=''  data-control_layout='av-control-default'  data-custom_markup=''  data-perma_caption=''  data-autoplay_stopper=''  data-image_attachment=''  data-min_height='0px'  data-lazy_loading='disabled'  data-default-height='52.816901408451'  class='avia-slideshow avia-slideshow-1  av-control-default av-default-height-applied avia-slideshow-magazine av_slideshow  avia-builder-el-8  el_after_av_hr  avia-builder-el-last   avia-slide_up-slider '  =\"image\" =\"\" =\"https:\/\/schema.org\/ImageObject\" ><ul class='avia-slideshow-inner ' style='padding-bottom: 52.816901408451%;' ><li  class=' slide-1 ' ><div data-rel='slideshow-1' class='avia-slide-wrap '   ><img class=\"wp-image-1746 avia-img-lazy-loading-not-1746\"  src=\"https:\/\/decomerca.com\/wp-content\/uploads\/2020\/07\/La-llar-del-Pernil-710x375.jpg\" width=\"710\" height=\"375\" title='La llar del Pernil' alt='Parada La llar del Pernil en el Mercat de la Boquer\u00eda de Barcelona'  =\"thumbnailUrl\"   \/><\/div><\/li><li  class=' slide-2 ' ><div data-rel='slideshow-1' class='avia-slide-wrap '   ><img class=\"wp-image-1707 avia-img-lazy-loading-not-1707\"  src=\"https:\/\/decomerca.com\/wp-content\/uploads\/2020\/07\/BarCentral-710x375.jpg\" width=\"710\" height=\"375\" title='BarCentral' alt='Parada Bar Central Barcelona'  =\"thumbnailUrl\" srcset=\"https:\/\/decomerca.com\/wp-content\/uploads\/2020\/07\/BarCentral.jpg 710w, https:\/\/decomerca.com\/wp-content\/uploads\/2020\/07\/BarCentral-300x158.jpg 300w, https:\/\/decomerca.com\/wp-content\/uploads\/2020\/07\/BarCentral-705x372.jpg 705w\" sizes=\"(max-width: 710px) 100vw, 710px\" \/><\/div><\/li><li  class=' slide-3 ' ><div data-rel='slideshow-1' class='avia-slide-wrap '   ><img class=\"wp-image-1687 avia-img-lazy-loading-not-1687\"  src=\"https:\/\/decomerca.com\/wp-content\/uploads\/2020\/07\/Can-Vila-Tienda-interior-1-710x375.jpg\" width=\"710\" height=\"375\" title='Can Vila Botiga interior' alt=''  =\"thumbnailUrl\"   \/><\/div><\/li><li  class=' slide-4 ' ><div data-rel='slideshow-1' class='avia-slide-wrap '   ><img class=\"wp-image-1684 avia-img-lazy-loading-not-1684\"  src=\"https:\/\/decomerca.com\/wp-content\/uploads\/2020\/07\/55A4253-scaled-710x375.jpg\" width=\"710\" height=\"375\" title='MARCOS' alt=''  =\"thumbnailUrl\"   \/><\/div><\/li><\/ul><div class='avia-slideshow-arrows avia-slideshow-controls' ><a href='#prev' class='prev-slide ' aria-hidden='true' data-av_icon='\ue87c' data-av_iconfont='entypo-fontello' aria-hidden='true' tabindex='-1'>Anterior<\/a><a href='#next' class='next-slide ' aria-hidden='true' data-av_icon='\ue87d' data-av_iconfont='entypo-fontello' aria-hidden='true' tabindex='-1'>Seg\u00fcent<\/a><\/div><div class='avia-slideshow-dots avia-slideshow-controls'><a href='#1' class='goto-slide active' >1<\/a><a href='#2' class='goto-slide ' >2<\/a><a href='#3' class='goto-slide ' >3<\/a><a href='#4' class='goto-slide ' >4<\/a><\/div><\/div><\/p><\/div>\n\n<\/div><\/div><\/div><!-- close content main div --><\/div><\/div><div id='av_section_3'  class='avia-section av-3krm-e46ee215417c20161a2f40b6ccd8cb87 main_color avia-section-default avia-shadow  avia-builder-el-9  el_after_av_section  el_before_av_section  avia-bg-style-scroll  container_wrap sidebar_right'  ><div class='container av-section-cont-open' ><div class='template-page content  av-content-small alpha units'><div class='post-entry post-entry-type-page post-entry-2079'><div class='entry-content-wrapper clearfix'>\n\n<style type=\"text\/css\" id=\"style-css-av-a39ml-2364f1438f44bc7388d27031c8bab149\">\n#top .av-special-heading.av-a39ml-2364f1438f44bc7388d27031c8bab149{\npadding-bottom:10px;\n}\n<\/style>\n<div  class='av-special-heading av-a39ml-2364f1438f44bc7388d27031c8bab149 av-special-heading-h3  avia-builder-el-10  el_before_av_iconlist  avia-builder-el-first  '><h3 class='av-special-heading-tag '  =\"headline\"  >Serveis relacionats amb vitrines frigor\u00edfiques<\/h3><div class='special-heading-border'><div class='special-heading-inner-border'><\/div><\/div><\/div>\n\n<style type=\"text\/css\" id=\"style-css-av-kdn3xhym-74c5021863488e040ac02a3dc03ec658\">\n#top .avia-icon-list-container.av-kdn3xhym-74c5021863488e040ac02a3dc03ec658 .iconlist_icon{\ncolor:#ffffff;\nbackground-color:#029bab;\n}\n<\/style>\n<div  class='avia-icon-list-container av-kdn3xhym-74c5021863488e040ac02a3dc03ec658  avia-builder-el-11  el_after_av_heading  avia-builder-el-last  '><ul class='avia-icon-list avia_animate_when_almost_visible avia-icon-list-left av-iconlist-big av-kdn3xhym-74c5021863488e040ac02a3dc03ec658 avia-iconlist-animate'>\n<li><a href='https:\/\/decomerca.com\/ca\/serveis\/interiorisme-comercial\/' title='Interiorisme Comercial'  class='iconlist_icon av-o5s-865f81676262e006fdb115d9665e1f47 avia-font-entypo-fontello'><span class='iconlist-char ' aria-hidden='true' data-av_icon='\ue836' data-av_iconfont='entypo-fontello'><\/span><\/a><article class=\"article-icon-entry \"  =\"\" =\"https:\/\/schema.org\/CreativeWork\" ><div class='iconlist_content_wrap'><header class=\"entry-content-header\"><h4 class='av_iconlist_title iconlist_title   '  =\"headline\" ><a href='https:\/\/decomerca.com\/ca\/serveis\/interiorisme-comercial\/' title='Interiorisme Comercial'>Interiorisme Comercial<\/a><\/h4><\/header><div class='iconlist_content  '  =\"text\" ><p>Avui dia resulta primordial tenir cura de la<span class=\"st\"> experi\u00e8ncia de l&#8217;espai de cara a la venda<\/span> . Per aix\u00f2 a Decomerca oferim un servei personalitzat de disseny integral, i ens adaptem a les necessitats <span class=\"st\">del teu<\/span> negoci per crear l\u2019ambient m\u00e9s funcional i atractiu possible. En la creaci\u00f3 o la reforma del teu negoci, t\u2019assessorarem sobre els productes que s\u2019adaptin millor a l\u2019ambient i que satisfacin les teves expectatives. Millorem el teu espai per augmentar el potencial de venda.<\/p>\n<\/div><\/div><footer class=\"entry-footer\"><\/footer><\/article><div class='iconlist-timeline'><\/div><\/li>\n<li><a href='https:\/\/decomerca.com\/ca\/serveis\/reformes-de-locals\/' title='Reforma de Locals'  class='iconlist_icon av-5f4i-f7aad2e6cf7480fd52e17e5b810beb02 avia-font-entypo-fontello'><span class='iconlist-char ' aria-hidden='true' data-av_icon='\ue856' data-av_iconfont='entypo-fontello'><\/span><\/a><article class=\"article-icon-entry \"  =\"\" =\"https:\/\/schema.org\/CreativeWork\" ><div class='iconlist_content_wrap'><header class=\"entry-content-header\"><h4 class='av_iconlist_title iconlist_title   '  =\"headline\" ><a href='https:\/\/decomerca.com\/ca\/serveis\/reformes-de-locals\/' title='Reforma de Locals'>Reforma de Locals<\/a><\/h4><\/header><div class='iconlist_content  '  =\"text\" ><p>El teu negoci s&#8217;ha quedat antiquat? Vols donar-li un aire m\u00e9s modern? Reformem el teu establiment utilitzant els materials m\u00e9s duradors i sostenibles i respectant les normatives vigents en tant a higiene i seguretat. Amb una bona reforma, el teu establiment cobrar\u00e0 nova vida i atraur\u00e0 m\u00e9s clients, a m\u00e9s d&#8217;esdevenir un espai m\u00e9s c\u00f2mode per treballar.<\/p>\n<\/div><\/div><footer class=\"entry-footer\"><\/footer><\/article><div class='iconlist-timeline'><\/div><\/li>\n<\/ul><\/div>\n<\/div><\/div><\/div><!-- close content main div --><\/div><\/div><div id='av_section_4'  class='avia-section av-pj6b-2696529fe9734915075472d100818eff alternate_color avia-section-default avia-shadow  avia-builder-el-12  el_after_av_section  avia-builder-el-last  avia-bg-style-scroll  container_wrap sidebar_right'  ><div class='container av-section-cont-open' ><div class='template-page content  av-content-small alpha units'><div class='post-entry post-entry-type-page post-entry-2079'><div class='entry-content-wrapper clearfix'>\n\n<style type=\"text\/css\" id=\"style-css-av-keicnmgf-46528a478c640391a81861c731eee0a1\">\n#top .av-special-heading.av-keicnmgf-46528a478c640391a81861c731eee0a1{\npadding-bottom:10px;\n}\n<\/style>\n<div  class='av-special-heading av-keicnmgf-46528a478c640391a81861c731eee0a1 av-special-heading-h3  avia-builder-el-13  el_before_av_portfolio  avia-builder-el-no-sibling  '><h3 class='av-special-heading-tag '  =\"headline\"  >\u00daltims projectes realitzats<\/h3><div class='special-heading-border'><div class='special-heading-inner-border'><\/div><\/div><\/div>\n<div  id=\"av-sc-portfolio-1\"  class=' grid-sort-container isotope   no_margin-container with-excerpt-container grid-total-odd grid-col-5 grid-links-' data-portfolio-id='1'><div data-ajax-id='2424' class=' grid-entry flex_column isotope-item all_sort no_margin post-entry post-entry-2424 grid-entry-overview grid-loop-1 grid-parity-odd  fruteries_sort mercat_sort  av_one_fifth first default_av_fullwidth '><article class='main_color inner-entry'  =\"\" =\"https:\/\/schema.org\/CreativeWork\" ><a href=\"https:\/\/decomerca.com\/ca\/proyectos\/fruiteria-zitric\/\" title='Fruiteria Zitric'  data-rel='grid-1' class='grid-image avia-hover-fx'> <img width=\"710\" height=\"375\" src=\"https:\/\/decomerca.com\/wp-content\/uploads\/2023\/07\/55A6192-710x375.jpg\" class=\"wp-image-2416 avia-img-lazy-loading-not-2416 attachment-magazine size-magazine wp-post-image\" alt=\"\" \/><\/a><div class='grid-content'><div class='avia-arrow'><\/div><header class=\"entry-content-header\"><h3 class='grid-entry-title entry-title '  =\"headline\" ><a href='https:\/\/decomerca.com\/ca\/proyectos\/fruiteria-zitric\/' title='Fruiteria Zitric'>Fruiteria Zitric<\/a><\/h3><\/header><\/div><footer class=\"entry-footer\"><\/footer><\/article><\/div><div data-ajax-id='2401' class=' grid-entry flex_column isotope-item all_sort no_margin post-entry post-entry-2401 grid-entry-overview grid-loop-2 grid-parity-even  mercat_sort xarcuteria_sort  av_one_fifth  default_av_fullwidth '><article class='main_color inner-entry'  =\"\" =\"https:\/\/schema.org\/CreativeWork\" ><a href=\"https:\/\/decomerca.com\/ca\/proyectos\/els-fogons-del-mercat\/\" title='Els Fogons del Mercat'  data-rel='grid-1' class='grid-image avia-hover-fx'> <img width=\"710\" height=\"375\" src=\"https:\/\/decomerca.com\/wp-content\/uploads\/2023\/07\/55A6162-710x375.jpg\" class=\"wp-image-2397 avia-img-lazy-loading-not-2397 attachment-magazine size-magazine wp-post-image\" alt=\"\" \/><\/a><div class='grid-content'><div class='avia-arrow'><\/div><header class=\"entry-content-header\"><h3 class='grid-entry-title entry-title '  =\"headline\" ><a href='https:\/\/decomerca.com\/ca\/proyectos\/els-fogons-del-mercat\/' title='Els Fogons del Mercat'>Els Fogons del Mercat<\/a><\/h3><\/header><\/div><footer class=\"entry-footer\"><\/footer><\/article><\/div><div data-ajax-id='2381' class=' grid-entry flex_column isotope-item all_sort no_margin post-entry post-entry-2381 grid-entry-overview grid-loop-3 grid-parity-odd  forns-de-pa_sort  av_one_fifth  default_av_fullwidth '><article class='main_color inner-entry'  =\"\" =\"https:\/\/schema.org\/CreativeWork\" ><a href=\"https:\/\/decomerca.com\/ca\/proyectos\/vivari-sarria\/\" title='Vivari Sarri\u00e0'  data-rel='grid-1' class='grid-image avia-hover-fx'> <img width=\"710\" height=\"375\" src=\"https:\/\/decomerca.com\/wp-content\/uploads\/2023\/03\/Vivari-vitrinas-710x375.jpg\" class=\"wp-image-2371 avia-img-lazy-loading-not-2371 attachment-magazine size-magazine wp-post-image\" alt=\"\" \/><\/a><div class='grid-content'><div class='avia-arrow'><\/div><header class=\"entry-content-header\"><h3 class='grid-entry-title entry-title '  =\"headline\" ><a href='https:\/\/decomerca.com\/ca\/proyectos\/vivari-sarria\/' title='Vivari Sarri\u00e0'>Vivari Sarri\u00e0<\/a><\/h3><\/header><\/div><footer class=\"entry-footer\"><\/footer><\/article><\/div><div data-ajax-id='2347' class=' grid-entry flex_column isotope-item all_sort no_margin post-entry post-entry-2347 grid-entry-overview grid-loop-4 grid-parity-even  botigues_sort fruteries_sort  av_one_fifth  default_av_fullwidth '><article class='main_color inner-entry'  =\"\" =\"https:\/\/schema.org\/CreativeWork\" ><a href=\"https:\/\/decomerca.com\/ca\/proyectos\/frutaway\/\" title='Frutaway'  data-rel='grid-1' class='grid-image avia-hover-fx'> <img width=\"710\" height=\"375\" src=\"https:\/\/decomerca.com\/wp-content\/uploads\/2023\/02\/Frutaway-etrada-710x375.jpg\" class=\"wp-image-2327 avia-img-lazy-loading-not-2327 attachment-magazine size-magazine wp-post-image\" alt=\"\" \/><\/a><div class='grid-content'><div class='avia-arrow'><\/div><header class=\"entry-content-header\"><h3 class='grid-entry-title entry-title '  =\"headline\" ><a href='https:\/\/decomerca.com\/ca\/proyectos\/frutaway\/' title='Frutaway'>Frutaway<\/a><\/h3><\/header><\/div><footer class=\"entry-footer\"><\/footer><\/article><\/div><div data-ajax-id='2254' class=' grid-entry flex_column isotope-item all_sort no_margin post-entry post-entry-2254 grid-entry-overview grid-loop-5 grid-parity-odd  post-entry-last  mercat_sort peixateries_sort  av_one_fifth  default_av_fullwidth '><article class='main_color inner-entry'  =\"\" =\"https:\/\/schema.org\/CreativeWork\" ><a href=\"https:\/\/decomerca.com\/ca\/proyectos\/reforma-bacallaneria-pujamar\/\" title='Reforma Bacallaner\u00eda Pujamar'  data-rel='grid-1' class='grid-image avia-hover-fx'> <img width=\"710\" height=\"375\" src=\"https:\/\/decomerca.com\/wp-content\/uploads\/2021\/03\/Bacallaneria-710x375.jpg\" class=\"wp-image-2241 avia-img-lazy-loading-not-2241 attachment-magazine size-magazine wp-post-image\" alt=\"\" \/><\/a><div class='grid-content'><div class='avia-arrow'><\/div><header class=\"entry-content-header\"><h3 class='grid-entry-title entry-title '  =\"headline\" ><a href='https:\/\/decomerca.com\/ca\/proyectos\/reforma-bacallaneria-pujamar\/' title='Reforma Bacallaner\u00eda Pujamar'>Reforma Bacallaner\u00eda Pujamar<\/a><\/h3><\/header><\/div><footer class=\"entry-footer\"><\/footer><\/article><\/div><\/div>\n<\/div><\/div><\/div><!-- close content main div --><\/div><\/div><div id='after_section_4'  class='main_color av_default_container_wrap container_wrap sidebar_right'  ><div class='container av-section-cont-open' ><div class='template-page content  av-content-small alpha units'><div class='post-entry post-entry-type-page post-entry-2079'><div class='entry-content-wrapper clearfix'><\/p>\n","protected":false},"excerpt":{"rendered":"","protected":false},"author":1,"featured_media":0,"parent":1813,"menu_order":0,"comment_status":"closed","ping_status":"closed","template":"","meta":[],"yoast_head":"<!-- This site is optimized with the Yoast SEO plugin v16.8 - https:\/\/yoast.com\/wordpress\/plugins\/seo\/ -->\n<title>Vitrines frigor\u00edfiques expositores horitzontals i verticals<\/title>\n<meta name=\"description\" content=\"Producci\u00f3 de mostradors i vitrines frigor\u00edfiques a mida i personalitzades per a carnisseries, paneder\u00edas, pastisseries, bar, cafeteries, restaurants, etc.\" \/>\n<meta name=\"robots\" content=\"index, follow, max-snippet:-1, max-image-preview:large, max-video-preview:-1\" \/>\n<link rel=\"canonical\" href=\"https:\/\/decomerca.com\/ca\/serveis\/vitrines-frigorifiques-a-mida\/\" \/>\n<meta property=\"og:locale\" content=\"ca_ES\" \/>\n<meta property=\"og:type\" content=\"article\" \/>\n<meta property=\"og:title\" content=\"Vitrines frigor\u00edfiques expositores horitzontals i verticals\" \/>\n<meta property=\"og:description\" content=\"Producci\u00f3 de mostradors i vitrines frigor\u00edfiques a mida i personalitzades per a carnisseries, paneder\u00edas, pastisseries, bar, cafeteries, restaurants, etc.\" \/>\n<meta property=\"og:url\" content=\"https:\/\/decomerca.com\/ca\/serveis\/vitrines-frigorifiques-a-mida\/\" \/>\n<meta property=\"og:site_name\" content=\"Decomerca\" \/>\n<meta property=\"article:publisher\" content=\"https:\/\/www.facebook.com\/pages\/category\/Home-Improvement\/Decomerca-1662440284000719\/\" \/>\n<meta property=\"article:modified_time\" content=\"2021-01-17T19:35:29+00:00\" \/>\n<meta name=\"twitter:card\" content=\"summary_large_image\" \/>\n<meta name=\"twitter:label1\" content=\"Temps estimat de lectura\" \/>\n\t<meta name=\"twitter:data1\" content=\"9 minuts\" \/>\n<!-- \/ Yoast SEO plugin. -->","yoast_head_json":{"title":"Vitrines frigor\u00edfiques expositores horitzontals i verticals","description":"Producci\u00f3 de mostradors i vitrines frigor\u00edfiques a mida i personalitzades per a carnisseries, paneder\u00edas, pastisseries, bar, cafeteries, restaurants, etc.","robots":{"index":"index","follow":"follow","max-snippet":"max-snippet:-1","max-image-preview":"max-image-preview:large","max-video-preview":"max-video-preview:-1"},"canonical":"https:\/\/decomerca.com\/ca\/serveis\/vitrines-frigorifiques-a-mida\/","og_locale":"ca_ES","og_type":"article","og_title":"Vitrines frigor\u00edfiques expositores horitzontals i verticals","og_description":"Producci\u00f3 de mostradors i vitrines frigor\u00edfiques a mida i personalitzades per a carnisseries, paneder\u00edas, pastisseries, bar, cafeteries, restaurants, etc.","og_url":"https:\/\/decomerca.com\/ca\/serveis\/vitrines-frigorifiques-a-mida\/","og_site_name":"Decomerca","article_publisher":"https:\/\/www.facebook.com\/pages\/category\/Home-Improvement\/Decomerca-1662440284000719\/","article_modified_time":"2021-01-17T19:35:29+00:00","twitter_card":"summary_large_image","twitter_misc":{"Temps estimat de lectura":"9 minuts"},"schema":{"@context":"https:\/\/schema.org","@graph":[{"@type":"Organization","@id":"https:\/\/decomerca.com\/#organization","name":"Decomerca","url":"https:\/\/decomerca.com\/","sameAs":["https:\/\/www.facebook.com\/pages\/category\/Home-Improvement\/Decomerca-1662440284000719\/","https:\/\/www.instagram.com\/decomerca\/"],"logo":{"@type":"ImageObject","@id":"https:\/\/decomerca.com\/#logo","inLanguage":"ca","url":"https:\/\/decomerca.com\/wp-content\/uploads\/2020\/08\/Logoweb.png","contentUrl":"https:\/\/decomerca.com\/wp-content\/uploads\/2020\/08\/Logoweb.png","width":340,"height":156,"caption":"Decomerca"},"image":{"@id":"https:\/\/decomerca.com\/#logo"}},{"@type":"WebSite","@id":"https:\/\/decomerca.com\/#website","url":"https:\/\/decomerca.com\/","name":"Decomerca","description":"Interiorismo comercial","publisher":{"@id":"https:\/\/decomerca.com\/#organization"},"potentialAction":[{"@type":"SearchAction","target":{"@type":"EntryPoint","urlTemplate":"https:\/\/decomerca.com\/?s={search_term_string}"},"query-input":"required name=search_term_string"}],"inLanguage":"ca"},{"@type":"WebPage","@id":"https:\/\/decomerca.com\/ca\/serveis\/vitrines-frigorifiques-a-mida\/#webpage","url":"https:\/\/decomerca.com\/ca\/serveis\/vitrines-frigorifiques-a-mida\/","name":"Vitrines frigor\u00edfiques expositores horitzontals i verticals","isPartOf":{"@id":"https:\/\/decomerca.com\/#website"},"datePublished":"2021-01-17T18:44:47+00:00","dateModified":"2021-01-17T19:35:29+00:00","description":"Producci\u00f3 de mostradors i vitrines frigor\u00edfiques a mida i personalitzades per a carnisseries, paneder\u00edas, pastisseries, bar, cafeteries, restaurants, etc.","breadcrumb":{"@id":"https:\/\/decomerca.com\/ca\/serveis\/vitrines-frigorifiques-a-mida\/#breadcrumb"},"inLanguage":"ca","potentialAction":[{"@type":"ReadAction","target":["https:\/\/decomerca.com\/ca\/serveis\/vitrines-frigorifiques-a-mida\/"]}]},{"@type":"BreadcrumbList","@id":"https:\/\/decomerca.com\/ca\/serveis\/vitrines-frigorifiques-a-mida\/#breadcrumb","itemListElement":[{"@type":"ListItem","position":1,"name":"Portada","item":"https:\/\/decomerca.com\/ca\/home\/"},{"@type":"ListItem","position":2,"name":"Serveis","item":"https:\/\/decomerca.com\/ca\/serveis\/"},{"@type":"ListItem","position":3,"name":"Vitrines frigor\u00edfiques a mida"}]}]}},"_links":{"self":[{"href":"https:\/\/decomerca.com\/ca\/wp-json\/wp\/v2\/pages\/2079"}],"collection":[{"href":"https:\/\/decomerca.com\/ca\/wp-json\/wp\/v2\/pages"}],"about":[{"href":"https:\/\/decomerca.com\/ca\/wp-json\/wp\/v2\/types\/page"}],"author":[{"embeddable":true,"href":"https:\/\/decomerca.com\/ca\/wp-json\/wp\/v2\/users\/1"}],"replies":[{"embeddable":true,"href":"https:\/\/decomerca.com\/ca\/wp-json\/wp\/v2\/comments?post=2079"}],"version-history":[{"count":22,"href":"https:\/\/decomerca.com\/ca\/wp-json\/wp\/v2\/pages\/2079\/revisions"}],"predecessor-version":[{"id":2147,"href":"https:\/\/decomerca.com\/ca\/wp-json\/wp\/v2\/pages\/2079\/revisions\/2147"}],"up":[{"embeddable":true,"href":"https:\/\/decomerca.com\/ca\/wp-json\/wp\/v2\/pages\/1813"}],"wp:attachment":[{"href":"https:\/\/decomerca.com\/ca\/wp-json\/wp\/v2\/media?parent=2079"}],"curies":[{"name":"wp","href":"https:\/\/api.w.org\/{rel}","templated":true}]}}