{"id":1831,"date":"2021-01-13T17:32:21","date_gmt":"2021-01-13T17:32:21","guid":{"rendered":"https:\/\/decomerca.com\/personalitzacio\/"},"modified":"2021-01-13T17:32:34","modified_gmt":"2021-01-13T17:32:34","slug":"personalitzacio","status":"publish","type":"page","link":"https:\/\/decomerca.com\/ca\/personalitzacio\/","title":{"rendered":"Personalitzaci\u00f3"},"content":{"rendered":"\n<style type=\"text\/css\" id=\"style-css-av-2z27f-6f66c5933306665e19401723d6b65856\">\n.avia-section.av-2z27f-6f66c5933306665e19401723d6b65856{\nbackground-color:#0c212c;\nbackground-repeat:no-repeat;\nbackground-image:url(https:\/\/decomerca.com\/wp-content\/uploads\/2020\/08\/AromaIberic-1.jpg);\nbackground-position:top center;\nbackground-attachment:scroll;\n}\n<\/style>\n<div id='dp_portfoliotop'  class='avia-section av-2z27f-6f66c5933306665e19401723d6b65856 main_color avia-section-default avia-no-border-styling  avia-builder-el-0  el_before_av_section  avia-builder-el-first  avia-bg-style-scroll  av-minimum-height av-minimum-height-custom  container_wrap sidebar_right'  data-section-bg-repeat='no-repeat'><div class='container av-section-cont-open' style='height:200px'><main  role=\"main\" =\"mainContentOfPage\"  class='template-page content  av-content-small alpha units'><div class='post-entry post-entry-type-page post-entry-1831'><div class='entry-content-wrapper clearfix'>\n\n<style type=\"text\/css\" id=\"style-css-av-kdrg346p-45d303aac64600b6e04a640077db365d\">\n#top .av-special-heading.av-kdrg346p-45d303aac64600b6e04a640077db365d{\npadding-bottom:10px;\n}\n.av-special-heading.av-kdrg346p-45d303aac64600b6e04a640077db365d .av-subheading{\nfont-size:15px;\n}\n<\/style>\n<div  class='av-special-heading av-kdrg346p-45d303aac64600b6e04a640077db365d av-special-heading-h1 custom-color-heading blockquote modern-quote  avia-builder-el-1  avia-builder-el-no-sibling  '><div class='av-subheading av-subheading_above '><p>El nostre proc\u00e9s de treball<\/p>\n<\/div><h1 class='av-special-heading-tag '  =\"headline\"  >PERSONALITZAT<\/h1><div class='special-heading-border'><div class='special-heading-inner-border'><\/div><\/div><\/div>\n\n<\/div><\/div><\/main><!-- close content main element --><\/div><\/div><div id='av_section_2'  class='avia-section av-hag6h-424c53d3a2fa39cc1183d8ffdd3645cd main_color avia-section-default avia-no-border-styling  avia-builder-el-2  el_after_av_section  el_before_av_section  avia-bg-style-scroll  container_wrap sidebar_right'  ><div class='container av-section-cont-open' ><div class='template-page content  av-content-small alpha units'><div class='post-entry post-entry-type-page post-entry-1831'><div class='entry-content-wrapper clearfix'>\n\n<style type=\"text\/css\" id=\"style-css-av-kdsz2m5r-2f667d808e35971b4fd77c1f371ca695\">\n#top .av-special-heading.av-kdsz2m5r-2f667d808e35971b4fd77c1f371ca695{\npadding-bottom:10px;\n}\n.av-special-heading.av-kdsz2m5r-2f667d808e35971b4fd77c1f371ca695 .av-subheading{\nfont-size:15px;\n}\n<\/style>\n<div  id=\"dp_homeText\"  class='av-special-heading av-kdsz2m5r-2f667d808e35971b4fd77c1f371ca695 av-special-heading-h3 blockquote classic-quote  avia-builder-el-3  avia-builder-el-no-sibling  '><h3 class='av-special-heading-tag '  =\"headline\"  >Personalitzem el teu establiment<\/h3><div class='av-subheading av-subheading_below '><p>Amb Decomerca trobar\u00e0s la soluci\u00f3 ideal perqu\u00e8 el teu local s\u2019adapti a les necessitats del teu negoci. Creem espais personalitzats que s\u2019ajusten a les dimensions del teu establiment per, aix\u00ed, poder aprofitar l\u2019espai al m\u00e0xim.<br \/>\nT\u2019involucrem en cada fase del projecte, de manera que tu tries com vols personalitzar l\u2019ambient de treball, per augmentar el confort i multiplicar la productivitat.<\/p>\n<\/div><div class='special-heading-border'><div class='special-heading-inner-border'><\/div><\/div><\/div>\n\n<\/div><\/div><\/div><!-- close content main div --><\/div><\/div>\n<style type=\"text\/css\" id=\"style-css-av-kdhrmvg5-4bb0ada24e20cc60adcdeb020a3bae7b\">\n.avia-section.av-kdhrmvg5-4bb0ada24e20cc60adcdeb020a3bae7b{\nbackground-color:#015d70;\nbackground:linear-gradient( to bottom right, #015d70, #029bab );\n}\n<\/style>\n<div id='av_section_3'  class='avia-section av-kdhrmvg5-4bb0ada24e20cc60adcdeb020a3bae7b alternate_color avia-section-default avia-shadow  avia-builder-el-4  el_after_av_section  el_before_av_section  avia-bg-style-scroll  container_wrap sidebar_right'  ><div class='container av-section-cont-open' ><div class='template-page content  av-content-small alpha units'><div class='post-entry post-entry-type-page post-entry-1831'><div class='entry-content-wrapper clearfix'>\n\n<style type=\"text\/css\" id=\"style-css-av-2fegdl-527f796f88fc8b67cea751fdcbd4cc21\">\n#top .flex_column.av-2fegdl-527f796f88fc8b67cea751fdcbd4cc21{\nborder-radius:0px;\n-webkit-border-radius:0px;\n-moz-border-radius:0px;\npadding:0px;\n}\n<\/style>\n<div class='flex_column av-2fegdl-527f796f88fc8b67cea751fdcbd4cc21 av_one_full  avia-builder-el-5  avia-builder-el-no-sibling  first flex_column_div av-zero-column-padding '   ><div  id=\"avia-timeline-1\"  class='avia-timeline-container    avia-builder-el-6  avia-builder-el-no-sibling ' ><ul class='avia-timeline avia-timeline-vertical av-milestone-placement-alternate avia-timeline-boxshadow avia_animate_when_almost_visible avia-timeline-animate'>\n<li  class='av-milestone av-animated-generic fade-in av-milestone-odd  av-milestone-valign-baseline '><h2 class='av-milestone-date  ' style='font-size:,px; color:#0d212c; ' id='milestone-primer-contacte'><strong>Primer contacte<span class='av-milestone-indicator'style='background-color:#015d70; '><\/span><\/strong><\/h2><div class=\"av-milestone-icon-wrap\"><span class='milestone_icon milestone-icon-hasborder avia-font-entypo-fontello' style='background-color:#5cc0c7; '><span class='milestone_inner' style='background-color:#015d70; color:#fcc432; '><i class='milestone-char' aria-hidden='true' data-av_icon='\ue80b' data-av_iconfont='entypo-fontello'><\/i><\/span><\/span><\/div><article class='av-milestone-content-wrap'><div class='av-milestone-contentbox' ><header class=\"entry-content-header\"><h4 style='color:#0d212c; ' class=' '>Anem a veure a la teva botiga<\/h4><\/header><div class='av-milestone-content' ><p>En Decomerca creiem en la import\u00e0ncia de l&#8217;tracte personalitzat. Per aix\u00f2, ens desplacem fins al teu negoci per poder veure en primera persona l&#8217;espai o els elements a remodelar. Escuchamos tus ideas para entender qu\u00e9 tipo de necesidades te han llevado a informarte y buscar asesoramiento.<\/p>\n\n\t\t<style type=\"text\/css\">\n\t\t\t#gallery-1 {\n\t\t\t\tmargin: auto;\n\t\t\t}\n\t\t\t#gallery-1 .gallery-item {\n\t\t\t\tfloat: left;\n\t\t\t\tmargin-top: 10px;\n\t\t\t\ttext-align: center;\n\t\t\t\twidth: 33%;\n\t\t\t}\n\t\t\t#gallery-1 img {\n\t\t\t\tborder: 2px solid #cfcfcf;\n\t\t\t}\n\t\t\t#gallery-1 .gallery-caption {\n\t\t\t\tmargin-left: 0;\n\t\t\t}\n\t\t\t\/* see gallery_shortcode() in wp-includes\/media.php *\/\n\t\t<\/style>\n\t\t<div id='gallery-1' class='gallery galleryid-1831 gallery-columns-3 gallery-size-thumbnail'><dl class='gallery-item'>\n\t\t\t<dt class='gallery-icon landscape'>\n\t\t\t\t<a href='https:\/\/decomerca.com\/wp-content\/uploads\/2020\/09\/estadoPrevio.jpg'><img width=\"80\" height=\"80\" src=\"https:\/\/decomerca.com\/wp-content\/uploads\/2020\/09\/estadoPrevio-80x80.jpg\" class=\"avia-img-lazy-loading-1761 attachment-thumbnail size-thumbnail\" alt=\"\" loading=\"lazy\" aria-describedby=\"gallery-1-1761\" srcset=\"https:\/\/decomerca.com\/wp-content\/uploads\/2020\/09\/estadoPrevio-80x80.jpg 80w, https:\/\/decomerca.com\/wp-content\/uploads\/2020\/09\/estadoPrevio-36x36.jpg 36w, https:\/\/decomerca.com\/wp-content\/uploads\/2020\/09\/estadoPrevio-180x180.jpg 180w\" sizes=\"(max-width: 80px) 100vw, 80px\" \/><\/a>\n\t\t\t<\/dt>\n\t\t\t\t<dd class='wp-caption-text gallery-caption' id='gallery-1-1761'>\n\t\t\t\tVisita pr\u00e8via\n\t\t\t\t<\/dd><\/dl>\n\t\t\t<br style='clear: both' \/>\n\t\t<\/div>\n\n<\/div><\/div><footer style='background-color:#015d70; ' class='entry-footer'><\/footer><\/article><\/li>\n<li  class='av-milestone av-animated-generic fade-in av-milestone-even  av-milestone-valign-baseline '><h2 class='av-milestone-date  ' style='font-size:,px; color:#0d212c; ' id='milestone-estudi-del-projecte'><strong>ESTUDI DEL PROJECTE<span class='av-milestone-indicator'style='background-color:#015d70; '><\/span><\/strong><\/h2><article class='av-milestone-content-wrap'><div class='av-milestone-contentbox' ><header class=\"entry-content-header\"><h4 style='color:#0d212c; ' class=' '>Estudiem a fons les teves necessitats<\/h4><\/header><div class='av-milestone-content' ><p><span style=\"color: #333333\">Despr\u00e9s d\u2019haver escoltat les teves idees i haver analitzat les teves necessitats, el nostre equip de disseny i decoraci\u00f3 crear\u00e0 un projecte a mida \u2014des d\u2019un senzill moble fins a la totalitat de l\u2019establiment\u2014 per optimitzar les possibilitats del teu local i potenciar-ne la funcionalitat, i per treure el m\u00e0xim rendiment del teu espai de treball.<br \/>\n<\/span><\/p>\n\n\t\t<style type=\"text\/css\">\n\t\t\t#gallery-2 {\n\t\t\t\tmargin: auto;\n\t\t\t}\n\t\t\t#gallery-2 .gallery-item {\n\t\t\t\tfloat: left;\n\t\t\t\tmargin-top: 10px;\n\t\t\t\ttext-align: center;\n\t\t\t\twidth: 33%;\n\t\t\t}\n\t\t\t#gallery-2 img {\n\t\t\t\tborder: 2px solid #cfcfcf;\n\t\t\t}\n\t\t\t#gallery-2 .gallery-caption {\n\t\t\t\tmargin-left: 0;\n\t\t\t}\n\t\t\t\/* see gallery_shortcode() in wp-includes\/media.php *\/\n\t\t<\/style>\n\t\t<div id='gallery-2' class='gallery galleryid-1831 gallery-columns-3 gallery-size-thumbnail'><dl class='gallery-item'>\n\t\t\t<dt class='gallery-icon landscape'>\n\t\t\t\t<a href='https:\/\/decomerca.com\/wp-content\/uploads\/2020\/09\/planos.jpg'><img width=\"80\" height=\"80\" src=\"https:\/\/decomerca.com\/wp-content\/uploads\/2020\/09\/planos-80x80.jpg\" class=\"avia-img-lazy-loading-1762 attachment-thumbnail size-thumbnail\" alt=\"\" loading=\"lazy\" aria-describedby=\"gallery-2-1762\" srcset=\"https:\/\/decomerca.com\/wp-content\/uploads\/2020\/09\/planos-80x80.jpg 80w, https:\/\/decomerca.com\/wp-content\/uploads\/2020\/09\/planos-36x36.jpg 36w, https:\/\/decomerca.com\/wp-content\/uploads\/2020\/09\/planos-180x180.jpg 180w\" sizes=\"(max-width: 80px) 100vw, 80px\" \/><\/a>\n\t\t\t<\/dt>\n\t\t\t\t<dd class='wp-caption-text gallery-caption' id='gallery-2-1762'>\n\t\t\t\tplans\n\t\t\t\t<\/dd><\/dl>\n\t\t\t<br style='clear: both' \/>\n\t\t<\/div>\n\n<\/div><\/div><footer style='background-color:#015d70; ' class='entry-footer'><\/footer><\/article><div class=\"av-milestone-icon-wrap\"><span class='milestone_icon milestone-icon-hasborder avia-font-entypo-fontello' style='background-color:#5cc0c7; '><span class='milestone_inner' style='background-color:#015d70; color:#fcc432; '><i class='milestone-char' aria-hidden='true' data-av_icon='\ue864' data-av_iconfont='entypo-fontello'><\/i><\/span><\/span><\/div><h2 class='av-milestone-date  ' style='font-size:,px; color:#0d212c; ' id='milestone-estudi-del-projecte'><strong>ESTUDI DEL PROJECTE<span class='av-milestone-indicator'style='background-color:#015d70; '><\/span><\/strong><\/h2><\/li>\n<li  class='av-milestone av-animated-generic fade-in av-milestone-odd  av-milestone-valign-baseline '><h2 class='av-milestone-date  ' style='font-size:,px; color:#0d212c; ' id='milestone-pressupost'><strong>PRESSUPOST<span class='av-milestone-indicator'style='background-color:#015d70; '><\/span><\/strong><\/h2><div class=\"av-milestone-icon-wrap\"><span class='milestone_icon milestone-icon-hasborder avia-font-entypo-fontello' style='background-color:#5cc0c7; '><span class='milestone_inner' style='background-color:#015d70; color:#fcc432; '><i class='milestone-char' aria-hidden='true' data-av_icon='\ue837' data-av_iconfont='entypo-fontello'><\/i><\/span><\/span><\/div><article class='av-milestone-content-wrap'><div class='av-milestone-contentbox' ><header class=\"entry-content-header\"><h4 style='color:#0d212c; ' class=' '>Et preparem un pressupost sense comprom\u00eds<\/h4><\/header><div class='av-milestone-content' ><p><span style=\"color: #333333\">Et presentem el pressupost sense cap tipus de cost, tenint cura que el preu global s\u2019adapti a les teves possibilitats. Tots els nostres pressupostos estan totalment desglossats perqu\u00e8 puguis triar amb total transpar\u00e8ncia el que consideris m\u00e9s necessari o important per al teu local, sense que el cost global suposi una inversi\u00f3 exagerada.<br \/>\n<\/span><\/p>\n<\/div><\/div><footer style='background-color:#015d70; ' class='entry-footer'><\/footer><\/article><\/li>\n<li  class='av-milestone av-animated-generic fade-in av-milestone-even  av-milestone-valign-baseline '><h2 class='av-milestone-date  ' style='font-size:,px; color:#0d212c; ' id='milestone-produccio'><strong>PRODUCCI\u00d3<span class='av-milestone-indicator'style='background-color:#015d70; '><\/span><\/strong><\/h2><article class='av-milestone-content-wrap'><div class='av-milestone-contentbox' ><header class=\"entry-content-header\"><h4 style='color:#0d212c; ' class=' '>Creem o renovem el teu negoci com si fos el nostre<\/h4><\/header><div class='av-milestone-content' ><p><span style=\"color: #333333\">Disposem d\u2019un equip de professionals especialitzats que treballen a les nostres instal\u00b7lacions en la fabricaci\u00f3 de mobles i vitrines frigor\u00edfiques a mida. El nostre equip est\u00e0 al corrent de les \u00faltimes mesures sanit\u00e0ries necess\u00e0ries perqu\u00e8 el teu local compleixi tots els requisits sanitaris. Et lliurem el teu establiment a punt per comen\u00e7ar a funcionar.<\/span><\/p>\n\n\t\t<style type=\"text\/css\">\n\t\t\t#gallery-3 {\n\t\t\t\tmargin: auto;\n\t\t\t}\n\t\t\t#gallery-3 .gallery-item {\n\t\t\t\tfloat: left;\n\t\t\t\tmargin-top: 10px;\n\t\t\t\ttext-align: center;\n\t\t\t\twidth: 33%;\n\t\t\t}\n\t\t\t#gallery-3 img {\n\t\t\t\tborder: 2px solid #cfcfcf;\n\t\t\t}\n\t\t\t#gallery-3 .gallery-caption {\n\t\t\t\tmargin-left: 0;\n\t\t\t}\n\t\t\t\/* see gallery_shortcode() in wp-includes\/media.php *\/\n\t\t<\/style>\n\t\t<div id='gallery-3' class='gallery galleryid-1831 gallery-columns-3 gallery-size-thumbnail'><dl class='gallery-item'>\n\t\t\t<dt class='gallery-icon landscape'>\n\t\t\t\t<a href='https:\/\/decomerca.com\/wp-content\/uploads\/2020\/09\/Final01.jpg'><img width=\"80\" height=\"80\" src=\"https:\/\/decomerca.com\/wp-content\/uploads\/2020\/09\/Final01-80x80.jpg\" class=\"avia-img-lazy-loading-1763 attachment-thumbnail size-thumbnail\" alt=\"Reforma Bar Central Barcelona\" loading=\"lazy\" srcset=\"https:\/\/decomerca.com\/wp-content\/uploads\/2020\/09\/Final01-80x80.jpg 80w, https:\/\/decomerca.com\/wp-content\/uploads\/2020\/09\/Final01-36x36.jpg 36w, https:\/\/decomerca.com\/wp-content\/uploads\/2020\/09\/Final01-180x180.jpg 180w\" sizes=\"(max-width: 80px) 100vw, 80px\" \/><\/a>\n\t\t\t<\/dt><\/dl><dl class='gallery-item'>\n\t\t\t<dt class='gallery-icon landscape'>\n\t\t\t\t<a href='https:\/\/decomerca.com\/wp-content\/uploads\/2020\/09\/final02.jpg'><img width=\"80\" height=\"80\" src=\"https:\/\/decomerca.com\/wp-content\/uploads\/2020\/09\/final02-80x80.jpg\" class=\"avia-img-lazy-loading-1764 attachment-thumbnail size-thumbnail\" alt=\"Bar Central en el mercat de la Boquer\u00eda de Barcelona\" loading=\"lazy\" srcset=\"https:\/\/decomerca.com\/wp-content\/uploads\/2020\/09\/final02-80x80.jpg 80w, https:\/\/decomerca.com\/wp-content\/uploads\/2020\/09\/final02-36x36.jpg 36w, https:\/\/decomerca.com\/wp-content\/uploads\/2020\/09\/final02-180x180.jpg 180w\" sizes=\"(max-width: 80px) 100vw, 80px\" \/><\/a>\n\t\t\t<\/dt><\/dl>\n\t\t\t<br style='clear: both' \/>\n\t\t<\/div>\n\n<p><span style=\"color: #333333\"> <\/span><\/p>\n<\/div><\/div><footer style='background-color:#015d70; ' class='entry-footer'><\/footer><\/article><div class=\"av-milestone-icon-wrap\"><span class='milestone_icon milestone-icon-hasborder avia-font-entypo-fontello' style='background-color:#5cc0c7; '><span class='milestone_inner' style='background-color:#015d70; color:#fcc432; '><i class='milestone-char' aria-hidden='true' data-av_icon='\ue856' data-av_iconfont='entypo-fontello'><\/i><\/span><\/span><\/div><h2 class='av-milestone-date  ' style='font-size:,px; color:#0d212c; ' id='milestone-produccio'><strong>PRODUCCI\u00d3<span class='av-milestone-indicator'style='background-color:#015d70; '><\/span><\/strong><\/h2><\/li>\n<\/ul><\/div><\/div><\/div><\/div><\/div><!-- close content main div --><\/div><\/div><div id='av_section_4'  class='avia-section av-pj6b-2696529fe9734915075472d100818eff alternate_color avia-section-default avia-shadow  avia-builder-el-7  el_after_av_section  avia-builder-el-last  avia-bg-style-scroll  container_wrap sidebar_right'  ><div class='container av-section-cont-open' ><div class='template-page content  av-content-small alpha units'><div class='post-entry post-entry-type-page post-entry-1831'><div class='entry-content-wrapper clearfix'>\n\n<style type=\"text\/css\" id=\"style-css-av-26mb7d-50da4850738b15c803a9a0fde71343e7\">\n#top .av-special-heading.av-26mb7d-50da4850738b15c803a9a0fde71343e7{\npadding-bottom:10px;\n}\n<\/style>\n<div  class='av-special-heading av-26mb7d-50da4850738b15c803a9a0fde71343e7 av-special-heading-h3  avia-builder-el-8  el_before_av_portfolio  avia-builder-el-no-sibling  '><h3 class='av-special-heading-tag '  =\"headline\"  >Projectes relacionats<\/h3><div class='special-heading-border'><div class='special-heading-inner-border'><\/div><\/div><\/div>\n<div  id=\"av-sc-portfolio-1\"  class=\"av-portfolio-grid-sorting-container\"><div class='sort_width_container  av-sort-yes' data-portfolio-id='1' ><div id='js_sort_items' ><div class='sort_by_cat  '><a href=\"#\" data-filter=\"all_sort\" class=\"all_sort_button active_sort\"><span class=\"inner_sort_button\"><span>All<\/span><small class=\"av-cat-count\"> 5 <\/small><\/span><\/a><span class='text-sep botigues_sort_sep'>\/<\/span><a href=\"#\" data-filter=\"botigues_sort\" class=\"botigues_sort_button\" ><span class=\"inner_sort_button\"><span>Botigues<\/span><small class='av-cat-count'> 1 <\/small><\/span><\/a><span class='text-sep forns-de-pa_sort_sep'>\/<\/span><a href=\"#\" data-filter=\"forns-de-pa_sort\" class=\"forns-de-pa_sort_button\" ><span class=\"inner_sort_button\"><span>Forns de pa<\/span><small class='av-cat-count'> 1 <\/small><\/span><\/a><span class='text-sep fruteries_sort_sep'>\/<\/span><a href=\"#\" data-filter=\"fruteries_sort\" class=\"fruteries_sort_button\" ><span class=\"inner_sort_button\"><span>Fruteries<\/span><small class='av-cat-count'> 2 <\/small><\/span><\/a><span class='text-sep mercat_sort_sep'>\/<\/span><a href=\"#\" data-filter=\"mercat_sort\" class=\"mercat_sort_button\" ><span class=\"inner_sort_button\"><span>Mercat<\/span><small class='av-cat-count'> 3 <\/small><\/span><\/a><span class='text-sep peixateries_sort_sep'>\/<\/span><a href=\"#\" data-filter=\"peixateries_sort\" class=\"peixateries_sort_button\" ><span class=\"inner_sort_button\"><span>Peixateries<\/span><small class='av-cat-count'> 1 <\/small><\/span><\/a><span class='text-sep xarcuteria_sort_sep'>\/<\/span><a href=\"#\" data-filter=\"xarcuteria_sort\" class=\"xarcuteria_sort_button\" ><span class=\"inner_sort_button\"><span>Xarcuteria<\/span><small class='av-cat-count'> 1 <\/small><\/span><\/a><\/div><\/div><\/div><div  class=' grid-sort-container isotope   no_margin-container with-excerpt-container grid-total-odd grid-col-5 grid-links-' data-portfolio-id='1'><div data-ajax-id='2424' class=' grid-entry flex_column isotope-item all_sort no_margin post-entry post-entry-2424 grid-entry-overview grid-loop-1 grid-parity-odd  fruteries_sort mercat_sort  av_one_fifth first default_av_fullwidth '><article class='main_color inner-entry'  =\"\" =\"https:\/\/schema.org\/CreativeWork\" ><a href=\"https:\/\/decomerca.com\/ca\/proyectos\/fruiteria-zitric\/\" title='Fruiteria Zitric'  data-rel='grid-1' class='grid-image avia-hover-fx'> <img width=\"260\" height=\"185\" src=\"https:\/\/decomerca.com\/wp-content\/uploads\/2023\/07\/55A6192-260x185.jpg\" class=\"wp-image-2416 avia-img-lazy-loading-not-2416 attachment-portfolio_small size-portfolio_small wp-post-image\" alt=\"\" \/><\/a><div class='grid-content'><div class='avia-arrow'><\/div><header class=\"entry-content-header\"><h3 class='grid-entry-title entry-title '  =\"headline\" ><a href='https:\/\/decomerca.com\/ca\/proyectos\/fruiteria-zitric\/' title='Fruiteria Zitric'>Fruiteria Zitric<\/a><\/h3><\/header><\/div><footer class=\"entry-footer\"><\/footer><\/article><\/div><div data-ajax-id='2401' class=' grid-entry flex_column isotope-item all_sort no_margin post-entry post-entry-2401 grid-entry-overview grid-loop-2 grid-parity-even  mercat_sort xarcuteria_sort  av_one_fifth  default_av_fullwidth '><article class='main_color inner-entry'  =\"\" =\"https:\/\/schema.org\/CreativeWork\" ><a href=\"https:\/\/decomerca.com\/ca\/proyectos\/els-fogons-del-mercat\/\" title='Els Fogons del Mercat'  data-rel='grid-1' class='grid-image avia-hover-fx'> <img width=\"260\" height=\"185\" src=\"https:\/\/decomerca.com\/wp-content\/uploads\/2023\/07\/55A6162-260x185.jpg\" class=\"wp-image-2397 avia-img-lazy-loading-not-2397 attachment-portfolio_small size-portfolio_small wp-post-image\" alt=\"\" \/><\/a><div class='grid-content'><div class='avia-arrow'><\/div><header class=\"entry-content-header\"><h3 class='grid-entry-title entry-title '  =\"headline\" ><a href='https:\/\/decomerca.com\/ca\/proyectos\/els-fogons-del-mercat\/' title='Els Fogons del Mercat'>Els Fogons del Mercat<\/a><\/h3><\/header><\/div><footer class=\"entry-footer\"><\/footer><\/article><\/div><div data-ajax-id='2381' class=' grid-entry flex_column isotope-item all_sort no_margin post-entry post-entry-2381 grid-entry-overview grid-loop-3 grid-parity-odd  forns-de-pa_sort  av_one_fifth  default_av_fullwidth '><article class='main_color inner-entry'  =\"\" =\"https:\/\/schema.org\/CreativeWork\" ><a href=\"https:\/\/decomerca.com\/ca\/proyectos\/vivari-sarria\/\" title='Vivari Sarri\u00e0'  data-rel='grid-1' class='grid-image avia-hover-fx'> <img width=\"260\" height=\"185\" src=\"https:\/\/decomerca.com\/wp-content\/uploads\/2023\/03\/Vivari-vitrinas-260x185.jpg\" class=\"wp-image-2371 avia-img-lazy-loading-not-2371 attachment-portfolio_small size-portfolio_small wp-post-image\" alt=\"\" \/><\/a><div class='grid-content'><div class='avia-arrow'><\/div><header class=\"entry-content-header\"><h3 class='grid-entry-title entry-title '  =\"headline\" ><a href='https:\/\/decomerca.com\/ca\/proyectos\/vivari-sarria\/' title='Vivari Sarri\u00e0'>Vivari Sarri\u00e0<\/a><\/h3><\/header><\/div><footer class=\"entry-footer\"><\/footer><\/article><\/div><div data-ajax-id='2347' class=' grid-entry flex_column isotope-item all_sort no_margin post-entry post-entry-2347 grid-entry-overview grid-loop-4 grid-parity-even  botigues_sort fruteries_sort  av_one_fifth  default_av_fullwidth '><article class='main_color inner-entry'  =\"\" =\"https:\/\/schema.org\/CreativeWork\" ><a href=\"https:\/\/decomerca.com\/ca\/proyectos\/frutaway\/\" title='Frutaway'  data-rel='grid-1' class='grid-image avia-hover-fx'> <img width=\"260\" height=\"185\" src=\"https:\/\/decomerca.com\/wp-content\/uploads\/2023\/02\/Frutaway-etrada-260x185.jpg\" class=\"wp-image-2327 avia-img-lazy-loading-not-2327 attachment-portfolio_small size-portfolio_small wp-post-image\" alt=\"\" \/><\/a><div class='grid-content'><div class='avia-arrow'><\/div><header class=\"entry-content-header\"><h3 class='grid-entry-title entry-title '  =\"headline\" ><a href='https:\/\/decomerca.com\/ca\/proyectos\/frutaway\/' title='Frutaway'>Frutaway<\/a><\/h3><\/header><\/div><footer class=\"entry-footer\"><\/footer><\/article><\/div><div data-ajax-id='2254' class=' grid-entry flex_column isotope-item all_sort no_margin post-entry post-entry-2254 grid-entry-overview grid-loop-5 grid-parity-odd  post-entry-last  mercat_sort peixateries_sort  av_one_fifth  default_av_fullwidth '><article class='main_color inner-entry'  =\"\" =\"https:\/\/schema.org\/CreativeWork\" ><a href=\"https:\/\/decomerca.com\/ca\/proyectos\/reforma-bacallaneria-pujamar\/\" title='Reforma Bacallaner\u00eda Pujamar'  data-rel='grid-1' class='grid-image avia-hover-fx'> <img width=\"260\" height=\"185\" src=\"https:\/\/decomerca.com\/wp-content\/uploads\/2021\/03\/Bacallaneria-260x185.jpg\" class=\"wp-image-2241 avia-img-lazy-loading-not-2241 attachment-portfolio_small size-portfolio_small wp-post-image\" alt=\"\" \/><\/a><div class='grid-content'><div class='avia-arrow'><\/div><header class=\"entry-content-header\"><h3 class='grid-entry-title entry-title '  =\"headline\" ><a href='https:\/\/decomerca.com\/ca\/proyectos\/reforma-bacallaneria-pujamar\/' title='Reforma Bacallaner\u00eda Pujamar'>Reforma Bacallaner\u00eda Pujamar<\/a><\/h3><\/header><\/div><footer class=\"entry-footer\"><\/footer><\/article><\/div><\/div><\/div>   <!--   class=\"av-portfolio-grid-sorting-container\"  -->\n<\/div><\/div><\/div><!-- close content main div --><\/div><\/div><div id='after_section_4'  class='main_color av_default_container_wrap container_wrap sidebar_right'  ><div class='container av-section-cont-open' ><div class='template-page content  av-content-small alpha units'><div class='post-entry post-entry-type-page post-entry-1831'><div class='entry-content-wrapper clearfix'><\/p>\n","protected":false},"excerpt":{"rendered":"","protected":false},"author":1,"featured_media":0,"parent":0,"menu_order":0,"comment_status":"closed","ping_status":"closed","template":"","meta":[],"yoast_head":"<!-- This site is optimized with the Yoast SEO plugin v16.8 - https:\/\/yoast.com\/wordpress\/plugins\/seo\/ -->\n<title>Renovaci\u00f3 i decoraci\u00f3 personalitzada d&#039;espais comercials<\/title>\n<meta name=\"description\" content=\"Projectes de reformes personalitzats a mida per al teu local, segons les teves idees i necessitats. Contacta&#039;ns per rebre un pressupost sense comprom\u00eds!\" \/>\n<meta name=\"robots\" content=\"index, follow, max-snippet:-1, max-image-preview:large, max-video-preview:-1\" \/>\n<link rel=\"canonical\" href=\"https:\/\/decomerca.com\/ca\/personalitzacio\/\" \/>\n<meta property=\"og:locale\" content=\"ca_ES\" \/>\n<meta property=\"og:type\" content=\"article\" \/>\n<meta property=\"og:title\" content=\"Renovaci\u00f3 i decoraci\u00f3 personalitzada d&#039;espais comercials\" \/>\n<meta property=\"og:description\" content=\"Projectes de reformes personalitzats a mida per al teu local, segons les teves idees i necessitats. Contacta&#039;ns per rebre un pressupost sense comprom\u00eds!\" \/>\n<meta property=\"og:url\" content=\"https:\/\/decomerca.com\/ca\/personalitzacio\/\" \/>\n<meta property=\"og:site_name\" content=\"Decomerca\" \/>\n<meta property=\"article:publisher\" content=\"https:\/\/www.facebook.com\/pages\/category\/Home-Improvement\/Decomerca-1662440284000719\/\" \/>\n<meta property=\"article:modified_time\" content=\"2021-01-13T17:32:34+00:00\" \/>\n<meta name=\"twitter:card\" content=\"summary_large_image\" \/>\n<meta name=\"twitter:label1\" content=\"Temps estimat de lectura\" \/>\n\t<meta name=\"twitter:data1\" content=\"8 minuts\" \/>\n<!-- \/ Yoast SEO plugin. -->","yoast_head_json":{"title":"Renovaci\u00f3 i decoraci\u00f3 personalitzada d'espais comercials","description":"Projectes de reformes personalitzats a mida per al teu local, segons les teves idees i necessitats. Contacta'ns per rebre un pressupost sense comprom\u00eds!","robots":{"index":"index","follow":"follow","max-snippet":"max-snippet:-1","max-image-preview":"max-image-preview:large","max-video-preview":"max-video-preview:-1"},"canonical":"https:\/\/decomerca.com\/ca\/personalitzacio\/","og_locale":"ca_ES","og_type":"article","og_title":"Renovaci\u00f3 i decoraci\u00f3 personalitzada d'espais comercials","og_description":"Projectes de reformes personalitzats a mida per al teu local, segons les teves idees i necessitats. Contacta'ns per rebre un pressupost sense comprom\u00eds!","og_url":"https:\/\/decomerca.com\/ca\/personalitzacio\/","og_site_name":"Decomerca","article_publisher":"https:\/\/www.facebook.com\/pages\/category\/Home-Improvement\/Decomerca-1662440284000719\/","article_modified_time":"2021-01-13T17:32:34+00:00","twitter_card":"summary_large_image","twitter_misc":{"Temps estimat de lectura":"8 minuts"},"schema":{"@context":"https:\/\/schema.org","@graph":[{"@type":"Organization","@id":"https:\/\/decomerca.com\/#organization","name":"Decomerca","url":"https:\/\/decomerca.com\/","sameAs":["https:\/\/www.facebook.com\/pages\/category\/Home-Improvement\/Decomerca-1662440284000719\/","https:\/\/www.instagram.com\/decomerca\/"],"logo":{"@type":"ImageObject","@id":"https:\/\/decomerca.com\/#logo","inLanguage":"ca","url":"https:\/\/decomerca.com\/wp-content\/uploads\/2020\/08\/Logoweb.png","contentUrl":"https:\/\/decomerca.com\/wp-content\/uploads\/2020\/08\/Logoweb.png","width":340,"height":156,"caption":"Decomerca"},"image":{"@id":"https:\/\/decomerca.com\/#logo"}},{"@type":"WebSite","@id":"https:\/\/decomerca.com\/#website","url":"https:\/\/decomerca.com\/","name":"Decomerca","description":"Interiorismo comercial","publisher":{"@id":"https:\/\/decomerca.com\/#organization"},"potentialAction":[{"@type":"SearchAction","target":{"@type":"EntryPoint","urlTemplate":"https:\/\/decomerca.com\/?s={search_term_string}"},"query-input":"required name=search_term_string"}],"inLanguage":"ca"},{"@type":"WebPage","@id":"https:\/\/decomerca.com\/ca\/personalitzacio\/#webpage","url":"https:\/\/decomerca.com\/ca\/personalitzacio\/","name":"Renovaci\u00f3 i decoraci\u00f3 personalitzada d'espais comercials","isPartOf":{"@id":"https:\/\/decomerca.com\/#website"},"datePublished":"2021-01-13T17:32:21+00:00","dateModified":"2021-01-13T17:32:34+00:00","description":"Projectes de reformes personalitzats a mida per al teu local, segons les teves idees i necessitats. Contacta'ns per rebre un pressupost sense comprom\u00eds!","breadcrumb":{"@id":"https:\/\/decomerca.com\/ca\/personalitzacio\/#breadcrumb"},"inLanguage":"ca","potentialAction":[{"@type":"ReadAction","target":["https:\/\/decomerca.com\/ca\/personalitzacio\/"]}]},{"@type":"BreadcrumbList","@id":"https:\/\/decomerca.com\/ca\/personalitzacio\/#breadcrumb","itemListElement":[{"@type":"ListItem","position":1,"name":"Portada","item":"https:\/\/decomerca.com\/ca\/home\/"},{"@type":"ListItem","position":2,"name":"Personalitzaci\u00f3"}]}]}},"_links":{"self":[{"href":"https:\/\/decomerca.com\/ca\/wp-json\/wp\/v2\/pages\/1831"}],"collection":[{"href":"https:\/\/decomerca.com\/ca\/wp-json\/wp\/v2\/pages"}],"about":[{"href":"https:\/\/decomerca.com\/ca\/wp-json\/wp\/v2\/types\/page"}],"author":[{"embeddable":true,"href":"https:\/\/decomerca.com\/ca\/wp-json\/wp\/v2\/users\/1"}],"replies":[{"embeddable":true,"href":"https:\/\/decomerca.com\/ca\/wp-json\/wp\/v2\/comments?post=1831"}],"version-history":[{"count":12,"href":"https:\/\/decomerca.com\/ca\/wp-json\/wp\/v2\/pages\/1831\/revisions"}],"predecessor-version":[{"id":1843,"href":"https:\/\/decomerca.com\/ca\/wp-json\/wp\/v2\/pages\/1831\/revisions\/1843"}],"wp:attachment":[{"href":"https:\/\/decomerca.com\/ca\/wp-json\/wp\/v2\/media?parent=1831"}],"curies":[{"name":"wp","href":"https:\/\/api.w.org\/{rel}","templated":true}]}}