{"id":1792,"date":"2021-01-13T16:17:36","date_gmt":"2021-01-13T16:17:36","guid":{"rendered":"https:\/\/decomerca.com\/home\/"},"modified":"2021-01-19T17:00:04","modified_gmt":"2021-01-19T17:00:04","slug":"home","status":"publish","type":"page","link":"https:\/\/decomerca.com\/ca\/","title":{"rendered":"Home"},"content":{"rendered":"<div id='layer_slider_1'  class='avia-layerslider main_color avia-shadow  avia-builder-el-0  el_before_av_section  avia-builder-el-first  container_wrap sidebar_right'  style='height: 351px;'  ><\/div>\n<div id='av_section_1'  class='avia-section av-yxlf-4df8032cfbaac3f950236b764ae6dc24 main_color avia-section-default avia-no-border-styling  avia-builder-el-1  el_after_av_layerslider  el_before_av_section  avia-bg-style-scroll  container_wrap sidebar_right'  ><div class='av-section-color-overlay-wrap'><a href='#next-section' title='' class='scroll-down-link ' aria-hidden='true' data-av_icon='\ue877' data-av_iconfont='entypo-fontello'><\/a><div class='container av-section-cont-open' ><div class='template-page content  av-content-small alpha units'><div class='post-entry post-entry-type-page post-entry-1792'><div class='entry-content-wrapper clearfix'>\n\n<style type=\"text\/css\" id=\"style-css-av-kdszf0sp-d6d24387c85dc7dd74052c6bbb27b841\">\n#top .av-special-heading.av-kdszf0sp-d6d24387c85dc7dd74052c6bbb27b841{\npadding-bottom:10px;\n}\n.av-special-heading.av-kdszf0sp-d6d24387c85dc7dd74052c6bbb27b841 .av-subheading{\nfont-size:15px;\n}\n<\/style>\n<div  id=\"dp_homeText\"  class='av-special-heading av-kdszf0sp-d6d24387c85dc7dd74052c6bbb27b841 av-special-heading-h2 blockquote modern-quote modern-centered  avia-builder-el-2  avia-builder-el-no-sibling  '><h2 class='av-special-heading-tag '  =\"headline\"  >DISSENYEM L\u2019ESPAI IDEAL PER AL TEU NEGOCI<\/h2><div class='av-subheading av-subheading_below '><p>A Decomerca som especialistes en reformes integrals personalitzades de locals comercials per al sector de l\u2019hostaleria i l\u2019alimentaci\u00f3. Ens encarreguem del disseny, la fabricaci\u00f3 i la instal\u00b7laci\u00f3 de tot tipus de mobiliari per al teu establiment.<\/p>\n<p>En els m\u00e9s de 30 anys al sector, hem desenvolupat un m\u00e8tode propi que ens permet entendre i satisfer les exig\u00e8ncies de cada client i fer que el teu negoci sigui m\u00e9s atractiu i rendible.<\/p>\n<\/div><div class='special-heading-border'><div class='special-heading-inner-border'><\/div><\/div><\/div>\n\n<\/div><\/div><\/div><!-- close content main div --><\/div><\/div><\/div>\n<style type=\"text\/css\" id=\"style-css-av-1vay7-e1aa08f838015f697e5a0ac74161b4e2\">\n.avia-section.av-1vay7-e1aa08f838015f697e5a0ac74161b4e2{\nbackground-color:#f8f8f8;\nbackground-repeat:repeat-y;\nbackground-image:url(https:\/\/decomerca.com\/wp-content\/uploads\/2020\/08\/fondo3.png);\nbackground-position:center center;\nbackground-attachment:fixed;\n}\n.avia-section.av-1vay7-e1aa08f838015f697e5a0ac74161b4e2 .av-extra-border-element .av-extra-border-inner{\nbackground-color:#f8f8f8;\n}\n<\/style>\n<div id='av_section_2'  class='avia-section av-1vay7-e1aa08f838015f697e5a0ac74161b4e2 alternate_color avia-section-default avia-shadow  avia-builder-el-3  el_after_av_section  el_before_av_section  avia-bg-style-fixed  av-arrow-down-section container_wrap sidebar_right'  data-section-bg-repeat='repeat-y'><div class='container av-section-cont-open' ><div class='template-page content  av-content-small alpha units'><div class='post-entry post-entry-type-page post-entry-1792'><div class='entry-content-wrapper clearfix'>\n\n<style type=\"text\/css\" id=\"style-css-av-4ouz-0bde1d8bfd29d71346c5bde53a6cd69f\">\n#top .flex_column.av-4ouz-0bde1d8bfd29d71346c5bde53a6cd69f{\nborder-radius:0px;\n-webkit-border-radius:0px;\n-moz-border-radius:0px;\npadding:0px;\n}\n<\/style>\n<div class='flex_column av-4ouz-0bde1d8bfd29d71346c5bde53a6cd69f av_one_third  avia-builder-el-4  el_before_av_one_third  avia-builder-el-first  first flex_column_div av-zero-column-padding '   ><article  class=\"iconbox iconbox_top av-kcun9mid-7c735b6130b10e4589fd2cadaa020d01  avia-builder-el-5  avia-builder-el-no-sibling  main_color \"  =\"\" =\"https:\/\/schema.org\/CreativeWork\" ><div class=\"iconbox_content\"><header class=\"entry-content-header\"><a href='https:\/\/decomerca.com\/ca\/serveis\/interiorisme-comercial\/' title='INTERIORISME COMERCIAL '  class=\"iconbox_icon heading-color\" aria-hidden='true' data-av_icon='\ue836' data-av_iconfont='entypo-fontello'><\/a><h3 class='iconbox_content_title  '  =\"headline\" ><a href='https:\/\/decomerca.com\/ca\/serveis\/interiorisme-comercial\/' title='INTERIORISME COMERCIAL ' >INTERIORISME COMERCIAL <\/a><\/h3><\/header><div class='iconbox_content_container  '  =\"text\" ><p><img loading=\"lazy\" class=\"alignnone size-medium wp-image-1710\" src=\"https:\/\/decomerca.com\/wp-content\/uploads\/2020\/08\/AromaIberic-300x158.jpg\" alt=\"\" width=\"300\" height=\"158\" srcset=\"https:\/\/decomerca.com\/wp-content\/uploads\/2020\/08\/AromaIberic-300x158.jpg 300w, https:\/\/decomerca.com\/wp-content\/uploads\/2020\/08\/AromaIberic.jpg 710w, https:\/\/decomerca.com\/wp-content\/uploads\/2020\/08\/AromaIberic-705x372.jpg 705w\" sizes=\"(max-width: 300px) 100vw, 300px\" \/><\/p>\n<p>Tenir cura de l\u2019espai \u00e9s fonamental de cara a la venda. Per aix\u00f2 Decomerca ofereix un servei personalitzat de disseny integral que s\u2019adapta a les necessitats del teu negoci per crear l\u2019ambient m\u00e9s funcional i atractiu possible. En la creaci\u00f3 o la reforma del teu negoci, t\u2019assessorem sobre els materials que s\u2019adaptin millor a l\u2019ambient i que satisfacin les teves expectatives. Millorem el teu espai per augmentar el potencial de venda.<\/p>\n<\/div><\/div><footer class=\"entry-footer\"><\/footer><\/article><\/div>\n<style type=\"text\/css\" id=\"style-css-av-xjqz-f6e14b4bf8808626b883e849a68d694f\">\n#top .flex_column.av-xjqz-f6e14b4bf8808626b883e849a68d694f{\nborder-radius:0px;\n-webkit-border-radius:0px;\n-moz-border-radius:0px;\npadding:0px;\n}\n<\/style>\n<div class='flex_column av-xjqz-f6e14b4bf8808626b883e849a68d694f av_one_third  avia-builder-el-6  el_after_av_one_third  el_before_av_one_third  flex_column_div av-zero-column-padding '   ><article  class=\"iconbox iconbox_top av-kcunaiby-117cb4bbd76692d7b20fd9a73a841a29  avia-builder-el-7  avia-builder-el-no-sibling  main_color \"  =\"\" =\"https:\/\/schema.org\/CreativeWork\" ><div class=\"iconbox_content\"><header class=\"entry-content-header\"><div class=\"iconbox_icon heading-color\" aria-hidden='true' data-av_icon='\ue856' data-av_iconfont='entypo-fontello'><\/div><h3 class='iconbox_content_title  '  =\"headline\" >REFORMA DE LOCALS<\/h3><\/header><div class='iconbox_content_container  '  =\"text\" ><p><img loading=\"lazy\" class=\"alignnone size-medium wp-image-1708\" src=\"https:\/\/decomerca.com\/wp-content\/uploads\/2020\/07\/Galiot-1-300x158.jpg\" alt=\"\" width=\"300\" height=\"158\" srcset=\"https:\/\/decomerca.com\/wp-content\/uploads\/2020\/07\/Galiot-1-300x158.jpg 300w, https:\/\/decomerca.com\/wp-content\/uploads\/2020\/07\/Galiot-1.jpg 710w, https:\/\/decomerca.com\/wp-content\/uploads\/2020\/07\/Galiot-1-705x372.jpg 705w\" sizes=\"(max-width: 300px) 100vw, 300px\" \/><\/p>\n<p>El teu espai de treball s\u2019ha quedat obsolet? Vols donar-li un aire m\u00e9s modern? Reformem el teu establiment utilitzant els materials m\u00e9s duradors i sostenibles i respectant les normatives vigents tant en higiene com en seguretat. Amb una bona reforma, el teu establiment cobrar\u00e0 nova vida i atraur\u00e0 m\u00e9s clients, a m\u00e9s d\u2019esdevenir un espai m\u00e9s c\u00f2mode per treballar.<\/p>\n<\/div><\/div><footer class=\"entry-footer\"><\/footer><\/article><\/div>\n<style type=\"text\/css\" id=\"style-css-av-xjqz-f6e14b4bf8808626b883e849a68d694f\">\n#top .flex_column.av-xjqz-f6e14b4bf8808626b883e849a68d694f{\nborder-radius:0px;\n-webkit-border-radius:0px;\n-moz-border-radius:0px;\npadding:0px;\n}\n<\/style>\n<div class='flex_column av-xjqz-f6e14b4bf8808626b883e849a68d694f av_one_third  avia-builder-el-8  el_after_av_one_third  avia-builder-el-last  flex_column_div av-zero-column-padding '   ><article  class=\"iconbox iconbox_top av-kcunb3h5-2ad785e52a76f0b929c0fa0195406db9  avia-builder-el-9  avia-builder-el-no-sibling  main_color \"  =\"\" =\"https:\/\/schema.org\/CreativeWork\" ><div class=\"iconbox_content\"><header class=\"entry-content-header\"><div class=\"iconbox_icon heading-color\" aria-hidden='true' data-av_icon='\ue8ab' data-av_iconfont='entypo-fontello'><\/div><h3 class='iconbox_content_title  '  =\"headline\" >VITRINES FRIGOR\u00cdFIQUES<\/h3><\/header><div class='iconbox_content_container  '  =\"text\" ><p><img loading=\"lazy\" class=\"alignnone size-medium wp-image-1706\" src=\"https:\/\/decomerca.com\/wp-content\/uploads\/2020\/08\/Marcos-300x158.jpg\" alt=\"\" width=\"300\" height=\"158\" srcset=\"https:\/\/decomerca.com\/wp-content\/uploads\/2020\/08\/Marcos-300x158.jpg 300w, https:\/\/decomerca.com\/wp-content\/uploads\/2020\/08\/Marcos.jpg 710w, https:\/\/decomerca.com\/wp-content\/uploads\/2020\/08\/Marcos-705x372.jpg 705w\" sizes=\"(max-width: 300px) 100vw, 300px\" \/><\/p>\n<p>Perqu\u00e8 els teus productes llueixin i es conservin, cal una bona vitrina frigor\u00edfica, d\u2019aquesta manera s\u2019eviten p\u00e8rdues t\u00e8rmiques i condensacions indesitjades. El nostre equip t\u00e8cnic projecta i construeix les millors instal\u00b7lacions frigor\u00edfiques fetes a mida per al teu establiment per aix\u00ed poder aprofitar al m\u00e0xim l\u2019espai, fent servir els millors materials del mercat.<\/p>\n<\/div><\/div><footer class=\"entry-footer\"><\/footer><\/article><\/div><\/div><\/div><\/div><!-- close content main div --><\/div><div class='av-extra-border-element border-extra-arrow-down'><div class='av-extra-border-outer'><div class='av-extra-border-inner'><\/div><\/div><\/div><\/div>\n<style type=\"text\/css\" id=\"style-css-av-kd0fz28q-214b0ad704184641019fb3fed6d21bc6\">\n.avia-section.av-kd0fz28q-214b0ad704184641019fb3fed6d21bc6{\nbackground-color:#015d70;\nbackground:linear-gradient( to bottom right, #015d70, #029bab );\n}\n<\/style>\n<div id='av_section_3'  class='avia-section av-kd0fz28q-214b0ad704184641019fb3fed6d21bc6 alternate_color avia-section-default avia-no-shadow  avia-builder-el-10  el_after_av_section  el_before_av_section  avia-bg-style-scroll  container_wrap sidebar_right'  ><div class='container av-section-cont-open' ><div class='template-page content  av-content-small alpha units'><div class='post-entry post-entry-type-page post-entry-1792'><div class='entry-content-wrapper clearfix'>\n\n<style type=\"text\/css\" id=\"style-css-av-ol181-94d89ee653d9bf599ad5095e59524109\">\n#top .flex_column.av-ol181-94d89ee653d9bf599ad5095e59524109{\nborder-radius:0px;\n-webkit-border-radius:0px;\n-moz-border-radius:0px;\npadding:0px;\n}\n<\/style>\n<div class='flex_column av-ol181-94d89ee653d9bf599ad5095e59524109 av_one_half  avia-builder-el-11  el_before_av_one_half  avia-builder-el-first  first flex_column_div av-zero-column-padding '   ><style type=\"text\/css\" id=\"style-css-av-kdker2uw-3a8384b02411c69e741efbe0209aea65\">\n.avia-animated-number.av-kdker2uw-3a8384b02411c69e741efbe0209aea65{\ncolor:#ffffff !important;\n}\n<\/style>\n<div  class=\"avia-animated-number av-kdker2uw-3a8384b02411c69e741efbe0209aea65 av-force-default-color avia_animate_when_visible  avia-builder-el-12  avia-builder-el-no-sibling  avia-color-font-custom \" data-timer=\"3000\"><strong class=\"heading avia-animated-number-title\"><span class='avia-animated-number-icon av-icon-before-number av-icon-char' aria-hidden='true' data-av_icon='\ue8aa' data-av_iconfont='entypo-fontello'><\/span><span class=\"avia-single-number __av-single-number\" data-number_format=\"\" data-number=\"30\" data-start_from=\"0\">30<\/span><span class=\"avia-no-number\"> anys<\/span><\/strong><div class=\"avia-animated-number-content\"><p>d\u2019experi\u00e8ncia en interiorisme comercial<\/p>\n<\/div><\/div><\/div>\n<style type=\"text\/css\" id=\"style-css-av-ol181-f482b7459d8319a9add9d33a0bea24ab\">\n#top .flex_column.av-ol181-f482b7459d8319a9add9d33a0bea24ab{\nborder-radius:0px;\n-webkit-border-radius:0px;\n-moz-border-radius:0px;\npadding:0px;\n}\n<\/style>\n<div class='flex_column av-ol181-f482b7459d8319a9add9d33a0bea24ab av_one_half  avia-builder-el-13  el_after_av_one_half  avia-builder-el-last  flex_column_div av-zero-column-padding '   ><style type=\"text\/css\" id=\"style-css-av-kdker2uw-58d0cfd15a4c9cf6ebf84dc2dabf520a\">\n.avia-animated-number.av-kdker2uw-58d0cfd15a4c9cf6ebf84dc2dabf520a{\ncolor:#ffffff !important;\n}\n<\/style>\n<div  class=\"avia-animated-number av-kdker2uw-58d0cfd15a4c9cf6ebf84dc2dabf520a av-force-default-color avia_animate_when_visible  avia-builder-el-14  avia-builder-el-no-sibling  avia-color-font-custom \" data-timer=\"3000\"><strong class=\"heading avia-animated-number-title\"><span class='avia-animated-number-icon av-icon-before-number av-icon-char' aria-hidden='true' data-av_icon='\ue816' data-av_iconfont='entypo-fontello'><\/span><span class=\"avia-no-number\">de <\/span><span class=\"avia-single-number __av-single-number\" data-number_format=\"\" data-number=\"60\" data-start_from=\"0\">60<\/span><span class=\"avia-no-number\"> professionals<\/span><\/strong><div class=\"avia-animated-number-content\"><p>treballant per al teu negoci<\/p>\n<\/div><\/div><\/div>\n<\/p>\n<\/div><\/div><\/div><!-- close content main div --><\/div><\/div><div id='av_section_4'  class='avia-section av-1vay7-c668e6e25c05707b48a210b4627617b4 alternate_color avia-section-default avia-no-border-styling  avia-builder-el-15  el_after_av_section  el_before_av_section  avia-bg-style-scroll  container_wrap sidebar_right'  ><div class='container av-section-cont-open' ><div class='template-page content  av-content-small alpha units'><div class='post-entry post-entry-type-page post-entry-1792'><div class='entry-content-wrapper clearfix'>\n\n<style type=\"text\/css\" id=\"style-css-av-xjqz-e36a4b03f770ed99c2e01c08cb613f32\">\n#top .flex_column.av-xjqz-e36a4b03f770ed99c2e01c08cb613f32{\nborder-radius:0px;\n-webkit-border-radius:0px;\n-moz-border-radius:0px;\npadding:0px;\n}\n<\/style>\n<div class='flex_column av-xjqz-e36a4b03f770ed99c2e01c08cb613f32 av_one_full  avia-builder-el-16  avia-builder-el-no-sibling  first flex_column_div av-zero-column-padding '   ><p>\n<style type=\"text\/css\" id=\"style-css-av-10gav-aa462e2ad685fc39a93de085f571aaa4\">\n#top .av-special-heading.av-10gav-aa462e2ad685fc39a93de085f571aaa4{\npadding-bottom:10px;\n}\n<\/style>\n<div  class='av-special-heading av-10gav-aa462e2ad685fc39a93de085f571aaa4 av-special-heading-h3  avia-builder-el-17  el_before_av_portfolio  avia-builder-el-no-sibling  '><h3 class='av-special-heading-tag '  =\"headline\"  >Els nostres darrers projectes<\/h3><div class='special-heading-border'><div class='special-heading-inner-border'><\/div><\/div><\/div><br \/>\n<div  id=\"av-sc-portfolio-1\"  class=' grid-sort-container isotope   no_margin-container with-excerpt-container grid-total-even grid-col-4 grid-links-' data-portfolio-id='1'><div data-ajax-id='2424' class=' grid-entry flex_column isotope-item all_sort no_margin post-entry post-entry-2424 grid-entry-overview grid-loop-1 grid-parity-odd  fruteries_sort mercat_sort  av_one_fourth first default_av_fullwidth '><article class='main_color inner-entry'  =\"\" =\"https:\/\/schema.org\/CreativeWork\" ><a href=\"https:\/\/decomerca.com\/ca\/proyectos\/fruiteria-zitric\/\" title='Fruiteria Zitric'  data-rel='grid-1' class='grid-image avia-hover-fx'> <img width=\"710\" height=\"375\" src=\"https:\/\/decomerca.com\/wp-content\/uploads\/2023\/07\/55A6192-710x375.jpg\" class=\"wp-image-2416 avia-img-lazy-loading-not-2416 attachment-magazine size-magazine wp-post-image\" alt=\"\" \/><\/a><div class='grid-content'><div class='avia-arrow'><\/div><header class=\"entry-content-header\"><h3 class='grid-entry-title entry-title '  =\"headline\" ><a href='https:\/\/decomerca.com\/ca\/proyectos\/fruiteria-zitric\/' title='Fruiteria Zitric'>Fruiteria Zitric<\/a><\/h3><\/header><\/div><footer class=\"entry-footer\"><\/footer><\/article><\/div><div data-ajax-id='2401' class=' grid-entry flex_column isotope-item all_sort no_margin post-entry post-entry-2401 grid-entry-overview grid-loop-2 grid-parity-even  mercat_sort xarcuteria_sort  av_one_fourth  default_av_fullwidth '><article class='main_color inner-entry'  =\"\" =\"https:\/\/schema.org\/CreativeWork\" ><a href=\"https:\/\/decomerca.com\/ca\/proyectos\/els-fogons-del-mercat\/\" title='Els Fogons del Mercat'  data-rel='grid-1' class='grid-image avia-hover-fx'> <img width=\"710\" height=\"375\" src=\"https:\/\/decomerca.com\/wp-content\/uploads\/2023\/07\/55A6162-710x375.jpg\" class=\"wp-image-2397 avia-img-lazy-loading-not-2397 attachment-magazine size-magazine wp-post-image\" alt=\"\" \/><\/a><div class='grid-content'><div class='avia-arrow'><\/div><header class=\"entry-content-header\"><h3 class='grid-entry-title entry-title '  =\"headline\" ><a href='https:\/\/decomerca.com\/ca\/proyectos\/els-fogons-del-mercat\/' title='Els Fogons del Mercat'>Els Fogons del Mercat<\/a><\/h3><\/header><\/div><footer class=\"entry-footer\"><\/footer><\/article><\/div><div data-ajax-id='2381' class=' grid-entry flex_column isotope-item all_sort no_margin post-entry post-entry-2381 grid-entry-overview grid-loop-3 grid-parity-odd  forns-de-pa_sort  av_one_fourth  default_av_fullwidth '><article class='main_color inner-entry'  =\"\" =\"https:\/\/schema.org\/CreativeWork\" ><a href=\"https:\/\/decomerca.com\/ca\/proyectos\/vivari-sarria\/\" title='Vivari Sarri\u00e0'  data-rel='grid-1' class='grid-image avia-hover-fx'> <img width=\"710\" height=\"375\" src=\"https:\/\/decomerca.com\/wp-content\/uploads\/2023\/03\/Vivari-vitrinas-710x375.jpg\" class=\"wp-image-2371 avia-img-lazy-loading-not-2371 attachment-magazine size-magazine wp-post-image\" alt=\"\" \/><\/a><div class='grid-content'><div class='avia-arrow'><\/div><header class=\"entry-content-header\"><h3 class='grid-entry-title entry-title '  =\"headline\" ><a href='https:\/\/decomerca.com\/ca\/proyectos\/vivari-sarria\/' title='Vivari Sarri\u00e0'>Vivari Sarri\u00e0<\/a><\/h3><\/header><\/div><footer class=\"entry-footer\"><\/footer><\/article><\/div><div data-ajax-id='2347' class=' grid-entry flex_column isotope-item all_sort no_margin post-entry post-entry-2347 grid-entry-overview grid-loop-4 grid-parity-even  botigues_sort fruteries_sort  av_one_fourth  default_av_fullwidth '><article class='main_color inner-entry'  =\"\" =\"https:\/\/schema.org\/CreativeWork\" ><a href=\"https:\/\/decomerca.com\/ca\/proyectos\/frutaway\/\" title='Frutaway'  data-rel='grid-1' class='grid-image avia-hover-fx'> <img width=\"710\" height=\"375\" src=\"https:\/\/decomerca.com\/wp-content\/uploads\/2023\/02\/Frutaway-etrada-710x375.jpg\" class=\"wp-image-2327 avia-img-lazy-loading-not-2327 attachment-magazine size-magazine wp-post-image\" alt=\"\" \/><\/a><div class='grid-content'><div class='avia-arrow'><\/div><header class=\"entry-content-header\"><h3 class='grid-entry-title entry-title '  =\"headline\" ><a href='https:\/\/decomerca.com\/ca\/proyectos\/frutaway\/' title='Frutaway'>Frutaway<\/a><\/h3><\/header><\/div><footer class=\"entry-footer\"><\/footer><\/article><\/div><div data-ajax-id='2254' class=' grid-entry flex_column isotope-item all_sort no_margin post-entry post-entry-2254 grid-entry-overview grid-loop-5 grid-parity-odd  mercat_sort peixateries_sort  av_one_fourth first default_av_fullwidth '><article class='main_color inner-entry'  =\"\" =\"https:\/\/schema.org\/CreativeWork\" ><a href=\"https:\/\/decomerca.com\/ca\/proyectos\/reforma-bacallaneria-pujamar\/\" title='Reforma Bacallaner\u00eda Pujamar'  data-rel='grid-1' class='grid-image avia-hover-fx'> <img width=\"710\" height=\"375\" src=\"https:\/\/decomerca.com\/wp-content\/uploads\/2021\/03\/Bacallaneria-710x375.jpg\" class=\"wp-image-2241 avia-img-lazy-loading-not-2241 attachment-magazine size-magazine wp-post-image\" alt=\"\" \/><\/a><div class='grid-content'><div class='avia-arrow'><\/div><header class=\"entry-content-header\"><h3 class='grid-entry-title entry-title '  =\"headline\" ><a href='https:\/\/decomerca.com\/ca\/proyectos\/reforma-bacallaneria-pujamar\/' title='Reforma Bacallaner\u00eda Pujamar'>Reforma Bacallaner\u00eda Pujamar<\/a><\/h3><\/header><\/div><footer class=\"entry-footer\"><\/footer><\/article><\/div><div data-ajax-id='2053' class=' grid-entry flex_column isotope-item all_sort no_margin post-entry post-entry-2053 grid-entry-overview grid-loop-6 grid-parity-even  botigues_sort mercat_sort  av_one_fourth  default_av_fullwidth '><article class='main_color inner-entry'  =\"\" =\"https:\/\/schema.org\/CreativeWork\" ><a href=\"https:\/\/decomerca.com\/ca\/proyectos\/can-vila-2\/\" title='Can Vila'  data-rel='grid-1' class='grid-image avia-hover-fx'> <img width=\"710\" height=\"375\" src=\"https:\/\/decomerca.com\/wp-content\/uploads\/2020\/07\/La-nueva-tienda-de-Can-Vila-1-710x375.jpg\" class=\"wp-image-1689 avia-img-lazy-loading-not-1689 attachment-magazine size-magazine wp-post-image\" alt=\"\" \/><\/a><div class='grid-content'><div class='avia-arrow'><\/div><header class=\"entry-content-header\"><h3 class='grid-entry-title entry-title '  =\"headline\" ><a href='https:\/\/decomerca.com\/ca\/proyectos\/can-vila-2\/' title='Can Vila'>Can Vila<\/a><\/h3><\/header><\/div><footer class=\"entry-footer\"><\/footer><\/article><\/div><div data-ajax-id='2035' class=' grid-entry flex_column isotope-item all_sort no_margin post-entry post-entry-2035 grid-entry-overview grid-loop-7 grid-parity-odd  botigues_sort xarcuteria_sort  av_one_fourth  default_av_fullwidth '><article class='main_color inner-entry'  =\"\" =\"https:\/\/schema.org\/CreativeWork\" ><a href=\"https:\/\/decomerca.com\/ca\/proyectos\/mon-iberic\/\" title='Mon Iberic'  data-rel='grid-1' class='grid-image avia-hover-fx'> <img width=\"710\" height=\"375\" src=\"https:\/\/decomerca.com\/wp-content\/uploads\/2020\/07\/Mon-Iberic-1-710x375.jpg\" class=\"wp-image-1751 avia-img-lazy-loading-not-1751 attachment-magazine size-magazine wp-post-image\" alt=\"Botiga Moniberic\" \/><\/a><div class='grid-content'><div class='avia-arrow'><\/div><header class=\"entry-content-header\"><h3 class='grid-entry-title entry-title '  =\"headline\" ><a href='https:\/\/decomerca.com\/ca\/proyectos\/mon-iberic\/' title='Mon Iberic'>Mon Iberic<\/a><\/h3><\/header><\/div><footer class=\"entry-footer\"><\/footer><\/article><\/div><div data-ajax-id='2021' class=' grid-entry flex_column isotope-item all_sort no_margin post-entry post-entry-2021 grid-entry-overview grid-loop-8 grid-parity-even  post-entry-last  mercat_sort xarcuteria_sort  av_one_fourth  default_av_fullwidth '><article class='main_color inner-entry'  =\"\" =\"https:\/\/schema.org\/CreativeWork\" ><a href=\"https:\/\/decomerca.com\/ca\/proyectos\/galiot-2\/\" title='Galiot'  data-rel='grid-1' class='grid-image avia-hover-fx'> <img width=\"710\" height=\"375\" src=\"https:\/\/decomerca.com\/wp-content\/uploads\/2020\/07\/Galiot01-710x375.jpg\" class=\"wp-image-1719 avia-img-lazy-loading-not-1719 attachment-magazine size-magazine wp-post-image\" alt=\"\" \/><\/a><div class='grid-content'><div class='avia-arrow'><\/div><header class=\"entry-content-header\"><h3 class='grid-entry-title entry-title '  =\"headline\" ><a href='https:\/\/decomerca.com\/ca\/proyectos\/galiot-2\/' title='Galiot'>Galiot<\/a><\/h3><\/header><\/div><footer class=\"entry-footer\"><\/footer><\/article><\/div><\/div><\/p><\/div>\n\n<\/div><\/div><\/div><!-- close content main div --><\/div><\/div><div id='av_section_5'  class='avia-section av-1c9gf-0f61ad1e811f580a28cf78189b064349 main_color avia-section-default avia-shadow  avia-builder-el-19  el_after_av_section  avia-builder-el-last  avia-bg-style-scroll  container_wrap sidebar_right'  ><div class='container av-section-cont-open' ><div class='template-page content  av-content-small alpha units'><div class='post-entry post-entry-type-page post-entry-1792'><div class='entry-content-wrapper clearfix'>\n\n<style type=\"text\/css\" id=\"style-css-av-32xaq-95c205b682a392fc49bc82c96d0983fc\">\n#top .flex_column.av-32xaq-95c205b682a392fc49bc82c96d0983fc{\nborder-radius:0px;\n-webkit-border-radius:0px;\n-moz-border-radius:0px;\npadding:0px;\n}\n<\/style>\n<div class='flex_column av-32xaq-95c205b682a392fc49bc82c96d0983fc av_two_third  avia-builder-el-20  el_before_av_one_third  avia-builder-el-first  first flex_column_div av-zero-column-padding '   ><form action=\"https:\/\/decomerca.com\/ca\/\" method=\"post\"  class=\"avia_ajax_form av-form-labels-visible   avia-builder-el-21  avia-builder-el-no-sibling   \" data-avia-form-id=\"1\" data-avia-redirect='' ><h3 class=''>Contacta\u2019ns<\/h3><fieldset><p class='  first_form  form_element form_fullwidth' id='element_avia_1_1'><label for=\"avia_1_1\">Nom <abbr class=\"required\" title=\"obligatori\">*<\/abbr><\/label> <input name=\"avia_1_1\" class=\"text_input is_empty\" type=\"text\" id=\"avia_1_1\" value=\"\" \/><\/p><p class='  first_form  form_element form_fullwidth' id='element_avia_2_1'><label for=\"avia_2_1\">correu electr\u00f2nic <abbr class=\"required\" title=\"obligatori\">*<\/abbr><\/label> <input name=\"avia_2_1\" class=\"text_input is_email\" type=\"text\" id=\"avia_2_1\" value=\"\" \/><\/p><p class='  first_form  form_element form_fullwidth' id='element_avia_3_1'><label for=\"avia_3_1\">tel\u00e8fon <abbr class=\"required\" title=\"obligatori\">*<\/abbr><\/label> <input name=\"avia_3_1\" class=\"text_input is_phone\" type=\"text\" id=\"avia_3_1\" value=\"\" \/><\/p><p class='  first_form  form_element form_fullwidth' id='element_avia_4_1'><label for=\"avia_4_1\">assumpte <abbr class=\"required\" title=\"obligatori\">*<\/abbr><\/label> <input name=\"avia_4_1\" class=\"text_input is_empty\" type=\"text\" id=\"avia_4_1\" value=\"\" \/><\/p><p class='  first_form  form_element form_fullwidth' id='element_avia_5_1'><label for=\"avia_5_1\" class=\"textare_label hidden textare_label_avia_5_1\">missatge <abbr class=\"required\" title=\"obligatori\">*<\/abbr><\/label><textarea  name=\"avia_5_1\" class=\"text_area is_empty\" cols=\"40\" rows=\"7\" id=\"avia_5_1\" ><\/textarea><\/p><p class=\"hidden\"><input type=\"text\" name=\"avia_6_1\" class=\"hidden \" id=\"avia_6_1\" value=\"\" \/><\/p><p class='   form_element form_fullwidth' id='element_avia_7_1'><span class='value_verifier_label'>2 + 2 = ?<\/span><input name=\"avia_7_1_verifier\" type=\"hidden\" id=\"avia_7_1_verifier\" value=\"434831742\"\/><label for=\"avia_7_1\">Please prove that you are human by solving the equation <abbr class=\"required\" title=\"obligatori\">*<\/abbr><\/label><input name=\"avia_7_1\" class=\"text_input captcha\" type=\"text\" id=\"avia_7_1\" value=\"\"\/><\/p><p class=\"form_element \"><input type=\"hidden\" value=\"1\" name=\"avia_generated_form1\" \/><input type=\"submit\" value=\"Enviar\" class=\"button\"  data-sending-label=\"Enviant\"\/><\/p><\/fieldset><\/form><div id=\"ajaxresponse_1\" class=\"ajaxresponse ajaxresponse_1 hidden\"><\/div><\/div>\n<style type=\"text\/css\" id=\"style-css-av-11c0j-19aa12e5589c880056065747a20d46b1\">\n#top .flex_column.av-11c0j-19aa12e5589c880056065747a20d46b1{\nborder-radius:0px;\n-webkit-border-radius:0px;\n-moz-border-radius:0px;\npadding:0px;\n}\n<\/style>\n<div class='flex_column av-11c0j-19aa12e5589c880056065747a20d46b1 av_one_third  avia-builder-el-22  el_after_av_two_third  avia-builder-el-last  flex_column_div av-zero-column-padding '   ><p>\n<style type=\"text\/css\" id=\"style-css-av-117oz-30f2f777055ac6a662609f527d3dc931\">\n#top .av-special-heading.av-117oz-30f2f777055ac6a662609f527d3dc931{\npadding-bottom:10px;\n}\n<\/style>\n<div  class='av-special-heading av-117oz-30f2f777055ac6a662609f527d3dc931 av-special-heading-h3  avia-builder-el-23  el_before_av_testimonials  avia-builder-el-first  '><h3 class='av-special-heading-tag '  =\"headline\"  >Opinions dels nostres clients<\/h3><div class='special-heading-border'><div class='special-heading-inner-border'><\/div><\/div><\/div><br \/>\n<div  class='avia-testimonial-wrapper av-kdhohdjc-b8c251b7ee56bc803a27fbf5538a2296 avia-grid-testimonials avia-grid-1-testimonials avia_animate_when_almost_visible '  data-autoplay='1'  data-interval='5'  data-animation='fade'  data-hoverpause='1' >\n<section class ='avia-testimonial-row'><div class='avia-testimonial av-1q8jj-24b802d2cfdc4cb6541cdaa8796afe27 avia-testimonial-row-1 avia-first-testimonial flex_column no_margin av_one_full'><div class='avia-testimonial_inner'  =\"\" =\"https:\/\/schema.org\/CreativeWork\" ><div class='avia-testimonial-image'  =\"image\" ><img width=\"180\" height=\"180\" src=\"https:\/\/decomerca.com\/wp-content\/uploads\/2020\/07\/Can-Vila-Tienda-interior-1-180x180.jpg\" class=\"avia-img-lazy-loading-1687 attachment-square size-square\" alt=\"\" loading=\"lazy\" srcset=\"https:\/\/decomerca.com\/wp-content\/uploads\/2020\/07\/Can-Vila-Tienda-interior-1-180x180.jpg 180w, https:\/\/decomerca.com\/wp-content\/uploads\/2020\/07\/Can-Vila-Tienda-interior-1-80x80.jpg 80w, https:\/\/decomerca.com\/wp-content\/uploads\/2020\/07\/Can-Vila-Tienda-interior-1-36x36.jpg 36w\" sizes=\"(max-width: 180px) 100vw, 180px\" \/><\/div><div class='avia-testimonial-content '><div class='avia-testimonial-markup-entry-content'  =\"text\" ><p>Grans <span class=\"JLqJ4b ChMk0b\" data-language-for-alternatives=\"ca\" data-language-to-translate-into=\"es\" data-phrase-index=\"1\">professionals.<span class=\"JLqJ4b\" data-language-for-alternatives=\"ca\" data-language-to-translate-into=\"es\" data-phrase-index=\"3\"> Molt bon tracte tant els comercials com els instal\u00b7ladors. Em van assessorar molt b\u00e9 amb un disseny en 3D de com quedaria la meva parada. Van complir amb els terminis de lliurament i amb el pressupost. Sens dubte, la propera repeteixo amb ells.<\/span><\/span><\/p>\n<\/div><\/div><div class='avia-testimonial-meta'><div class='avia-testimonial-arrow-wrap'><div class='avia-arrow'><\/div><\/div><div class='avia-testimonial-meta-mini'  =\"author\" =\"\" =\"https:\/\/schema.org\/Person\" ><strong  class='avia-testimonial-name'  =\"name\" >David Alvarez<\/strong><span  class='avia-testimonial-subtitle '  =\"jobTitle\" >Can Vila<\/span><\/div><\/div><\/div><\/div><\/section>\n<section class ='avia-testimonial-row'><div class='avia-testimonial av-3g9f-bb574d92f273e9e401c2b640fea9945e avia-testimonial-row-2 avia-first-testimonial flex_column no_margin av_one_full'><div class='avia-testimonial_inner'  =\"\" =\"https:\/\/schema.org\/CreativeWork\" ><div class='avia-testimonial-image'  =\"image\" ><img width=\"180\" height=\"180\" src=\"https:\/\/decomerca.com\/wp-content\/uploads\/2020\/07\/Galiot-1-180x180.jpg\" class=\"avia-img-lazy-loading-1708 attachment-square size-square\" alt=\"Parada charcuter\u00eda Galiot\" loading=\"lazy\" srcset=\"https:\/\/decomerca.com\/wp-content\/uploads\/2020\/07\/Galiot-1-180x180.jpg 180w, https:\/\/decomerca.com\/wp-content\/uploads\/2020\/07\/Galiot-1-80x80.jpg 80w, https:\/\/decomerca.com\/wp-content\/uploads\/2020\/07\/Galiot-1-36x36.jpg 36w\" sizes=\"(max-width: 180px) 100vw, 180px\" \/><\/div><div class='avia-testimonial-content '><div class='avia-testimonial-markup-entry-content'  =\"text\" ><p>Tercera parada que em fan. Estic encantat.<\/p>\n<\/div><\/div><div class='avia-testimonial-meta'><div class='avia-testimonial-arrow-wrap'><div class='avia-arrow'><\/div><\/div><div class='avia-testimonial-meta-mini'  =\"author\" =\"\" =\"https:\/\/schema.org\/Person\" ><strong  class='avia-testimonial-name'  =\"name\" >Jeremy Marton<\/strong><span  class='avia-testimonial-subtitle '  =\"jobTitle\" >Proprietario<\/span><\/div><\/div><\/div><\/div><\/section>\n<\/div><\/p><\/div>\n<\/div><\/div><\/div><!-- close content main div --><\/div><\/div><div id='after_section_5'  class='main_color av_default_container_wrap container_wrap sidebar_right'  ><div class='container av-section-cont-open' ><div class='template-page content  av-content-small alpha units'><div class='post-entry post-entry-type-page post-entry-1792'><div class='entry-content-wrapper clearfix'>\n","protected":false},"excerpt":{"rendered":"","protected":false},"author":1,"featured_media":0,"parent":0,"menu_order":0,"comment_status":"closed","ping_status":"closed","template":"","meta":[],"yoast_head":"<!-- This site is optimized with the Yoast SEO plugin v16.8 - https:\/\/yoast.com\/wordpress\/plugins\/seo\/ -->\n<title>Disseny integral que s\u2019adapta a les necessitats del teu negoci | Decomerca<\/title>\n<meta name=\"description\" content=\"Som especialistes en reformes integrals personalitzades de locals comercials per al sector de l\u2019hostaleria i l\u2019alimentaci\u00f3. \u260e 934770500\" \/>\n<meta name=\"robots\" content=\"index, follow, max-snippet:-1, max-image-preview:large, max-video-preview:-1\" \/>\n<link rel=\"canonical\" href=\"https:\/\/decomerca.com\/ca\/\" \/>\n<meta property=\"og:locale\" content=\"ca_ES\" \/>\n<meta property=\"og:type\" content=\"article\" \/>\n<meta property=\"og:title\" content=\"Disseny integral que s\u2019adapta a les necessitats del teu negoci | Decomerca\" \/>\n<meta property=\"og:description\" content=\"Som especialistes en reformes integrals personalitzades de locals comercials per al sector de l\u2019hostaleria i l\u2019alimentaci\u00f3. \u260e 934770500\" \/>\n<meta property=\"og:url\" content=\"https:\/\/decomerca.com\/ca\/\" \/>\n<meta property=\"og:site_name\" content=\"Decomerca\" \/>\n<meta property=\"article:publisher\" content=\"https:\/\/www.facebook.com\/pages\/category\/Home-Improvement\/Decomerca-1662440284000719\/\" \/>\n<meta property=\"article:modified_time\" content=\"2021-01-19T17:00:04+00:00\" \/>\n<meta property=\"og:image\" content=\"https:\/\/decomerca.com\/wp-content\/uploads\/2020\/08\/AromaIberic-300x158.jpg\" \/>\n<meta name=\"twitter:card\" content=\"summary_large_image\" \/>\n<meta name=\"twitter:label1\" content=\"Temps estimat de lectura\" \/>\n\t<meta name=\"twitter:data1\" content=\"15 minuts\" \/>\n<!-- \/ Yoast SEO plugin. -->","yoast_head_json":{"title":"Disseny integral que s\u2019adapta a les necessitats del teu negoci | Decomerca","description":"Som especialistes en reformes integrals personalitzades de locals comercials per al sector de l\u2019hostaleria i l\u2019alimentaci\u00f3. \u260e 934770500","robots":{"index":"index","follow":"follow","max-snippet":"max-snippet:-1","max-image-preview":"max-image-preview:large","max-video-preview":"max-video-preview:-1"},"canonical":"https:\/\/decomerca.com\/ca\/","og_locale":"ca_ES","og_type":"article","og_title":"Disseny integral que s\u2019adapta a les necessitats del teu negoci | Decomerca","og_description":"Som especialistes en reformes integrals personalitzades de locals comercials per al sector de l\u2019hostaleria i l\u2019alimentaci\u00f3. \u260e 934770500","og_url":"https:\/\/decomerca.com\/ca\/","og_site_name":"Decomerca","article_publisher":"https:\/\/www.facebook.com\/pages\/category\/Home-Improvement\/Decomerca-1662440284000719\/","article_modified_time":"2021-01-19T17:00:04+00:00","og_image":[{"url":"https:\/\/decomerca.com\/wp-content\/uploads\/2020\/08\/AromaIberic-300x158.jpg"}],"twitter_card":"summary_large_image","twitter_misc":{"Temps estimat de lectura":"15 minuts"},"schema":{"@context":"https:\/\/schema.org","@graph":[{"@type":"Organization","@id":"https:\/\/decomerca.com\/#organization","name":"Decomerca","url":"https:\/\/decomerca.com\/","sameAs":["https:\/\/www.facebook.com\/pages\/category\/Home-Improvement\/Decomerca-1662440284000719\/","https:\/\/www.instagram.com\/decomerca\/"],"logo":{"@type":"ImageObject","@id":"https:\/\/decomerca.com\/#logo","inLanguage":"ca","url":"https:\/\/decomerca.com\/wp-content\/uploads\/2020\/08\/Logoweb.png","contentUrl":"https:\/\/decomerca.com\/wp-content\/uploads\/2020\/08\/Logoweb.png","width":340,"height":156,"caption":"Decomerca"},"image":{"@id":"https:\/\/decomerca.com\/#logo"}},{"@type":"WebSite","@id":"https:\/\/decomerca.com\/#website","url":"https:\/\/decomerca.com\/","name":"Decomerca","description":"Interiorismo comercial","publisher":{"@id":"https:\/\/decomerca.com\/#organization"},"potentialAction":[{"@type":"SearchAction","target":{"@type":"EntryPoint","urlTemplate":"https:\/\/decomerca.com\/?s={search_term_string}"},"query-input":"required name=search_term_string"}],"inLanguage":"ca"},{"@type":"ImageObject","@id":"https:\/\/decomerca.com\/ca\/#primaryimage","inLanguage":"ca","url":"https:\/\/decomerca.com\/wp-content\/uploads\/2020\/08\/AromaIberic.jpg","contentUrl":"https:\/\/decomerca.com\/wp-content\/uploads\/2020\/08\/AromaIberic.jpg","width":710,"height":375},{"@type":"WebPage","@id":"https:\/\/decomerca.com\/ca\/#webpage","url":"https:\/\/decomerca.com\/ca\/","name":"Disseny integral que s\u2019adapta a les necessitats del teu negoci | Decomerca","isPartOf":{"@id":"https:\/\/decomerca.com\/#website"},"primaryImageOfPage":{"@id":"https:\/\/decomerca.com\/ca\/#primaryimage"},"datePublished":"2021-01-13T16:17:36+00:00","dateModified":"2021-01-19T17:00:04+00:00","description":"Som especialistes en reformes integrals personalitzades de locals comercials per al sector de l\u2019hostaleria i l\u2019alimentaci\u00f3. \u260e 934770500","breadcrumb":{"@id":"https:\/\/decomerca.com\/ca\/#breadcrumb"},"inLanguage":"ca","potentialAction":[{"@type":"ReadAction","target":["https:\/\/decomerca.com\/ca\/"]}]},{"@type":"BreadcrumbList","@id":"https:\/\/decomerca.com\/ca\/#breadcrumb","itemListElement":[{"@type":"ListItem","position":1,"name":"Portada","item":"https:\/\/decomerca.com\/ca\/home\/"},{"@type":"ListItem","position":2,"name":"Home"}]}]}},"_links":{"self":[{"href":"https:\/\/decomerca.com\/ca\/wp-json\/wp\/v2\/pages\/1792"}],"collection":[{"href":"https:\/\/decomerca.com\/ca\/wp-json\/wp\/v2\/pages"}],"about":[{"href":"https:\/\/decomerca.com\/ca\/wp-json\/wp\/v2\/types\/page"}],"author":[{"embeddable":true,"href":"https:\/\/decomerca.com\/ca\/wp-json\/wp\/v2\/users\/1"}],"replies":[{"embeddable":true,"href":"https:\/\/decomerca.com\/ca\/wp-json\/wp\/v2\/comments?post=1792"}],"version-history":[{"count":11,"href":"https:\/\/decomerca.com\/ca\/wp-json\/wp\/v2\/pages\/1792\/revisions"}],"predecessor-version":[{"id":2193,"href":"https:\/\/decomerca.com\/ca\/wp-json\/wp\/v2\/pages\/1792\/revisions\/2193"}],"wp:attachment":[{"href":"https:\/\/decomerca.com\/ca\/wp-json\/wp\/v2\/media?parent=1792"}],"curies":[{"name":"wp","href":"https:\/\/api.w.org\/{rel}","templated":true}]}}